{"id":52524,"date":"2018-12-18T15:46:25","date_gmt":"2018-12-18T13:46:25","guid":{"rendered":"https:\/\/yovedenateljeekoti.net\/?page_id=52524"},"modified":"2020-02-04T15:42:33","modified_gmt":"2020-02-04T13:42:33","slug":"teosgalleria","status":"publish","type":"page","link":"https:\/\/yovedenateljeekoti.net\/en\/teosgalleria\/","title":{"rendered":"Art gallery"},"content":{"rendered":"<p>[et_pb_section fb_built=&#8221;1&#8243; _builder_version=&#8221;3.22&#8243; background_color=&#8221;#000000&#8243; custom_padding=&#8221;106px|0px|106px|0px|true|false&#8221;][et_pb_row _builder_version=&#8221;3.25&#8243;][et_pb_column type=&#8221;4_4&#8243; _builder_version=&#8221;3.25&#8243; custom_padding=&#8221;|||&#8221; custom_padding__hover=&#8221;|||&#8221;][et_pb_text _builder_version=&#8221;3.19.7&#8243; text_font=&#8221;Cinzel Decorative||||||||&#8221; text_text_color=&#8221;#f9f5ef&#8221; text_font_size=&#8221;35px&#8221; header_font=&#8221;Cinzel Decorative|700|||||||&#8221; header_text_align=&#8221;left&#8221; header_text_color=&#8221;#280028&#8243; header_font_size=&#8221;78px&#8221; header_letter_spacing=&#8221;12px&#8221; custom_padding=&#8221;0px||&#8221; filter_opacity=&#8221;66%&#8221;]<\/p>\n<p style=\"text-align: center;\">Teosgalleria<\/p>\n<p>[\/et_pb_text][\/et_pb_column][\/et_pb_row][et_pb_row module_class=&#8221; et_pb_row_fullwidth&#8221; _builder_version=&#8221;3.25&#8243; width=&#8221;89%&#8221; width_tablet=&#8221;80%&#8221; width_last_edited=&#8221;on|desktop&#8221; max_width=&#8221;89%&#8221; max_width_tablet=&#8221;80%&#8221; max_width_last_edited=&#8221;on|desktop&#8221; make_fullwidth=&#8221;on&#8221; column_structure=&#8221;1_3,1_3,1_3&#8243;][et_pb_column type=&#8221;1_3&#8243; _builder_version=&#8221;3.25&#8243; custom_padding=&#8221;|||&#8221; custom_padding__hover=&#8221;|||&#8221;][et_pb_image src=&#8221;https:\/\/yovedenateljeekoti.net\/wp-content\/uploads\/2019\/01\/02.Sade_.jpg&#8221; show_bottom_space=&#8221;off&#8221; align_tablet=&#8221;center&#8221; align_last_edited=&#8221;on|desktop&#8221; _builder_version=&#8221;3.23&#8243;][\/et_pb_image][et_pb_text _builder_version=&#8221;3.19.7&#8243; text_font=&#8221;|300|||||||&#8221; text_text_color=&#8221;#f9f5ef&#8221; text_font_size=&#8221;12px&#8221; text_line_height=&#8221;1em&#8221; custom_margin=&#8221;2%||&#8221;]<\/p>\n<p>Sade<br \/> 2015<\/p>\n<p>Akvarelli<\/p>\n<p>&nbsp;<\/p>\n<p>[\/et_pb_text][et_pb_image src=&#8221;https:\/\/yovedenateljeekoti.net\/wp-content\/uploads\/2019\/01\/08.Juuret.jpg&#8221; show_bottom_space=&#8221;off&#8221; align_tablet=&#8221;center&#8221; align_last_edited=&#8221;on|desktop&#8221; _builder_version=&#8221;3.23&#8243;][\/et_pb_image][et_pb_text _builder_version=&#8221;3.19.7&#8243; text_font=&#8221;|300|||||||&#8221; text_text_color=&#8221;#f9f5ef&#8221; text_font_size=&#8221;11px&#8221; text_line_height=&#8221;1em&#8221; custom_margin=&#8221;2%||&#8221;]<\/p>\n<p>Juuret<br \/>virkattu puuvillalanka, 2015<\/p>\n<p>&nbsp;<\/p>\n<p>&nbsp;<\/p>\n<p>[\/et_pb_text][et_pb_image src=&#8221;https:\/\/yovedenateljeekoti.net\/wp-content\/uploads\/2018\/12\/Odottajat-metsa\u0308n-reunassa-1.jpg&#8221; show_bottom_space=&#8221;off&#8221; align_tablet=&#8221;center&#8221; align_last_edited=&#8221;on|desktop&#8221; _builder_version=&#8221;3.23&#8243;][\/et_pb_image][et_pb_text _builder_version=&#8221;3.19.7&#8243; text_font=&#8221;|300|||||||&#8221; text_text_color=&#8221;#f9f5ef&#8221; text_font_size=&#8221;11px&#8221; text_line_height=&#8221;1em&#8221; custom_margin=&#8221;2%||&#8221;]<\/p>\n<p>Odottajat mets\u00e4n reunassa<br \/>2018<\/p>\n<p>akvarelli<\/p>\n<p>&nbsp;<\/p>\n<p>[\/et_pb_text][et_pb_image src=&#8221;https:\/\/yovedenateljeekoti.net\/wp-content\/uploads\/2018\/12\/betonipo\u0308yta\u0308.jpg&#8221; show_bottom_space=&#8221;off&#8221; align_tablet=&#8221;center&#8221; align_last_edited=&#8221;on|desktop&#8221; _builder_version=&#8221;3.23&#8243;][\/et_pb_image][et_pb_text _builder_version=&#8221;3.19.7&#8243; text_font=&#8221;|300|||||||&#8221; text_text_color=&#8221;#f9f5ef&#8221; text_font_size=&#8221;11px&#8221; text_line_height=&#8221;1em&#8221; custom_margin=&#8221;2%||&#8221;]<\/p>\n<p>Osa kolmiosaisesta teoksesta Ihmisen puutarha (Katja Antonoff ja Katri Oikarinen)<\/p>\n<p>betoni<br \/>2017<\/p>\n<p>&nbsp;<\/p>\n<p>[\/et_pb_text][et_pb_image src=&#8221;https:\/\/yovedenateljeekoti.net\/wp-content\/uploads\/2019\/02\/leikattu-.jpg&#8221; show_bottom_space=&#8221;off&#8221; align_tablet=&#8221;center&#8221; align_last_edited=&#8221;on|desktop&#8221; _builder_version=&#8221;3.23&#8243;][\/et_pb_image][et_pb_text _builder_version=&#8221;3.19.18&#8243; text_font=&#8221;|300|||||||&#8221; text_text_color=&#8221;#f9f5ef&#8221; text_font_size=&#8221;11px&#8221; text_line_height=&#8221;1em&#8221; custom_margin=&#8221;2%||&#8221;]<\/p>\n<p><em>Leikattu<\/em>, akvarelli, 2015<\/p>\n<p>&nbsp;<\/p>\n<p>[\/et_pb_text][\/et_pb_column][et_pb_column type=&#8221;1_3&#8243; _builder_version=&#8221;3.25&#8243; custom_padding=&#8221;|||&#8221; custom_padding__hover=&#8221;|||&#8221;][et_pb_image src=&#8221;https:\/\/yovedenateljeekoti.net\/wp-content\/uploads\/2019\/01\/01.Katja-Antonoff-Mita\u0308-silmilla\u0308-na\u0308kee-2015-akvarelli-73x51cm.jpg&#8221; show_bottom_space=&#8221;off&#8221; align_tablet=&#8221;center&#8221; align_last_edited=&#8221;on|desktop&#8221; _builder_version=&#8221;3.23&#8243;][\/et_pb_image][et_pb_text _builder_version=&#8221;3.19.7&#8243; text_font=&#8221;|300|||||||&#8221; text_text_color=&#8221;#f9f5ef&#8221; text_font_size=&#8221;11px&#8221; text_line_height=&#8221;1em&#8221; custom_margin=&#8221;2%||&#8221;]<\/p>\n<p>Mit\u00e4 silmill\u00e4 n\u00e4kee<br \/> 2015<\/p>\n<p>Akvarelli<br \/> x\u00a0 cm<\/p>\n<p>&nbsp;<\/p>\n<p>[\/et_pb_text][et_pb_image src=&#8221;https:\/\/yovedenateljeekoti.net\/wp-content\/uploads\/2019\/01\/01-Raskas.jpg&#8221; show_bottom_space=&#8221;off&#8221; align_tablet=&#8221;center&#8221; align_last_edited=&#8221;on|desktop&#8221; _builder_version=&#8221;3.23&#8243;][\/et_pb_image][et_pb_text _builder_version=&#8221;3.19.7&#8243; text_font=&#8221;|300|||||||&#8221; text_text_color=&#8221;#f9f5ef&#8221; text_font_size=&#8221;11px&#8221; text_line_height=&#8221;1em&#8221; custom_margin=&#8221;2%||&#8221;]<\/p>\n<p>Raskas<br \/>puuvillalanka, 2015<\/p>\n<p>&nbsp;<\/p>\n<p>&nbsp;<\/p>\n<p>&nbsp;<\/p>\n<p>[\/et_pb_text][et_pb_image src=&#8221;https:\/\/yovedenateljeekoti.net\/wp-content\/uploads\/2019\/01\/10.Tuuulessa-ihmisen-pesa\u0308.-GalleriaKONE.jpg&#8221; show_bottom_space=&#8221;off&#8221; align_tablet=&#8221;center&#8221; align_last_edited=&#8221;on|desktop&#8221; _builder_version=&#8221;3.23&#8243;][\/et_pb_image][et_pb_text _builder_version=&#8221;3.19.7&#8243; text_font=&#8221;|300|||||||&#8221; text_text_color=&#8221;#f9f5ef&#8221; text_font_size=&#8221;11px&#8221; text_line_height=&#8221;1em&#8221; custom_margin=&#8221;2%||&#8221;]<\/p>\n<p>Tuulessa ihmisen pes\u00e4<br \/> 2011, veistosinstallaatio, puu, s\u00e4hk\u00f6johdot<\/p>\n<p>GalleriaKone, H\u00e4meenlinna<\/p>\n<p>&nbsp;<\/p>\n<p>[\/et_pb_text][et_pb_image src=&#8221;https:\/\/yovedenateljeekoti.net\/wp-content\/uploads\/2018\/12\/Laulu-kaukaisille-rannoille.jpg&#8221; show_bottom_space=&#8221;off&#8221; align_tablet=&#8221;center&#8221; align_last_edited=&#8221;on|desktop&#8221; _builder_version=&#8221;3.23&#8243;][\/et_pb_image][et_pb_text _builder_version=&#8221;3.19.7&#8243; text_font=&#8221;|300|||||||&#8221; text_text_color=&#8221;#f9f5ef&#8221; text_font_size=&#8221;11px&#8221; text_line_height=&#8221;1em&#8221; custom_margin=&#8221;2%||&#8221;]<\/p>\n<p>Laulu kaukaisille rannoille<br \/>2018<\/p>\n<p>akvarelli<br \/>28 x 64cm<\/p>\n<p>&nbsp;<\/p>\n<p>[\/et_pb_text][et_pb_image src=&#8221;https:\/\/yovedenateljeekoti.net\/wp-content\/uploads\/2018\/12\/Talo.jpg&#8221; show_bottom_space=&#8221;off&#8221; align_tablet=&#8221;center&#8221; align_last_edited=&#8221;on|desktop&#8221; _builder_version=&#8221;3.23&#8243;][\/et_pb_image][et_pb_text _builder_version=&#8221;3.19.14&#8243; text_font=&#8221;|300|||||||&#8221; text_text_color=&#8221;#f9f5ef&#8221; text_font_size=&#8221;11px&#8221; text_line_height=&#8221;1em&#8221; custom_margin=&#8221;2%||&#8221;]<\/p>\n<p>Talven valo<br \/> 52 x 34cm, 2018<\/p>\n<p>Akvarelli<\/p>\n<p><a href=\"https:\/\/www.painters.fi\/teoskuvia\/?a=A&amp;t=akvarellimaalaus\">Taidemaalariliiton teosv\u00e4litys 2019<\/a><\/p>\n<p>[\/et_pb_text][\/et_pb_column][et_pb_column type=&#8221;1_3&#8243; _builder_version=&#8221;3.25&#8243; custom_padding=&#8221;|||&#8221; custom_padding__hover=&#8221;|||&#8221;][et_pb_image src=&#8221;https:\/\/yovedenateljeekoti.net\/wp-content\/uploads\/2019\/01\/02-Nimeto\u0308n.jpg&#8221; show_bottom_space=&#8221;off&#8221; align_tablet=&#8221;center&#8221; align_last_edited=&#8221;on|desktop&#8221; _builder_version=&#8221;3.23&#8243;][\/et_pb_image][et_pb_text _builder_version=&#8221;3.19.7&#8243; text_font=&#8221;|300|||||||&#8221; text_text_color=&#8221;#f9f5ef&#8221; text_font_size=&#8221;11px&#8221; text_line_height=&#8221;1em&#8221; custom_margin=&#8221;2%||&#8221;]<\/p>\n<p>Nimet\u00f6n, virkattu puuvillalanka, metalli, sahanpuru<br \/> 2017<\/p>\n<p>&nbsp;<\/p>\n<p>[\/et_pb_text][et_pb_image src=&#8221;https:\/\/yovedenateljeekoti.net\/wp-content\/uploads\/2019\/01\/03-Lasi_vetta.jpg&#8221; show_bottom_space=&#8221;off&#8221; align_tablet=&#8221;center&#8221; align_last_edited=&#8221;on|desktop&#8221; _builder_version=&#8221;3.23&#8243;][\/et_pb_image][et_pb_text _builder_version=&#8221;3.19.7&#8243; text_font=&#8221;|300|||||||&#8221; text_text_color=&#8221;#f9f5ef&#8221; text_font_size=&#8221;11px&#8221; text_line_height=&#8221;1em&#8221; custom_margin=&#8221;2%||&#8221;]<\/p>\n<p>Lasi vett\u00e4<br \/>2008<\/p>\n<p>Akvarelli<\/p>\n<p>&nbsp;<\/p>\n<p>&nbsp;<\/p>\n<p>[\/et_pb_text][et_pb_image src=&#8221;https:\/\/yovedenateljeekoti.net\/wp-content\/uploads\/2018\/12\/nimeto\u0308n.jpg&#8221; show_bottom_space=&#8221;off&#8221; align_tablet=&#8221;center&#8221; align_last_edited=&#8221;on|desktop&#8221; _builder_version=&#8221;3.23&#8243;][\/et_pb_image][et_pb_text _builder_version=&#8221;3.19.7&#8243; text_font=&#8221;|300|||||||&#8221; text_text_color=&#8221;#f9f5ef&#8221; text_font_size=&#8221;11px&#8221; text_line_height=&#8221;1em&#8221; custom_margin=&#8221;2%||&#8221;]<\/p>\n<p>Nimet\u00f6n<br \/>70 x 100cm, 2018<\/p>\n<p>Akvarelli<\/p>\n<p>&nbsp;<\/p>\n<p>[\/et_pb_text][et_pb_image src=&#8221;https:\/\/yovedenateljeekoti.net\/wp-content\/uploads\/2019\/01\/12.Linnunradalla.jpg&#8221; show_bottom_space=&#8221;off&#8221; align_tablet=&#8221;center&#8221; align_last_edited=&#8221;on|desktop&#8221; _builder_version=&#8221;3.23&#8243;][\/et_pb_image][et_pb_text _builder_version=&#8221;3.19.7&#8243; text_font=&#8221;|300|||||||&#8221; text_text_color=&#8221;#f9f5ef&#8221; text_font_size=&#8221;11px&#8221; text_line_height=&#8221;1em&#8221; custom_margin=&#8221;2%||&#8221;]<\/p>\n<p>Linnunradalla<br \/>valuposliini, muovi<\/p>\n<p>2009<\/p>\n<p>&nbsp;<\/p>\n<p>[\/et_pb_text][et_pb_image src=&#8221;https:\/\/yovedenateljeekoti.net\/wp-content\/uploads\/2018\/12\/Marraskuu.jpg&#8221; show_bottom_space=&#8221;off&#8221; align_tablet=&#8221;center&#8221; align_last_edited=&#8221;on|desktop&#8221; _builder_version=&#8221;3.23&#8243;][\/et_pb_image][et_pb_text _builder_version=&#8221;3.19.7&#8243; text_font=&#8221;|300|||||||&#8221; text_text_color=&#8221;#f9f5ef&#8221; text_font_size=&#8221;11px&#8221; text_line_height=&#8221;1em&#8221; custom_margin=&#8221;2%||&#8221;]<\/p>\n<p>Marraskuu<br \/>71 x 36cm, 2018<\/p>\n<p>Akvarelli<\/p>\n<p>Taidemaalariliiton teosv\u00e4litys 2019<\/p>\n<p>[\/et_pb_text][\/et_pb_column][\/et_pb_row][\/et_pb_section]<\/p>\n","protected":false},"excerpt":{"rendered":"<p>TeosgalleriaSade 2015 Akvarelli &nbsp;Juuretvirkattu puuvillalanka, 2015 &nbsp; &nbsp;Odottajat mets\u00e4n reunassa2018 akvarelli &nbsp;Osa kolmiosaisesta teoksesta Ihmisen puutarha (Katja Antonoff ja Katri Oikarinen) betoni2017 &nbsp;Leikattu, akvarelli, 2015 &nbsp;Mit\u00e4 silmill\u00e4 n\u00e4kee 2015 Akvarelli x\u00a0 cm &nbsp;Raskaspuuvillalanka, 2015 &nbsp; &nbsp; &nbsp;Tuulessa ihmisen pes\u00e4 2011, veistosinstallaatio, puu, s\u00e4hk\u00f6johdot GalleriaKone, H\u00e4meenlinna &nbsp;Laulu kaukaisille rannoille2018 akvarelli28 x 64cm &nbsp;Talven valo 52 x [&hellip;]<\/p>\n","protected":false},"author":5,"featured_media":0,"parent":0,"menu_order":0,"comment_status":"closed","ping_status":"closed","template":"","meta":{"_et_pb_use_builder":"on","_et_pb_old_content":"","_et_gb_content_width":"","footnotes":""},"class_list":["post-52524","page","type-page","status-publish","hentry"],"aioseo_notices":[],"_links":{"self":[{"href":"https:\/\/yovedenateljeekoti.net\/en\/wp-json\/wp\/v2\/pages\/52524","targetHints":{"allow":["GET"]}}],"collection":[{"href":"https:\/\/yovedenateljeekoti.net\/en\/wp-json\/wp\/v2\/pages"}],"about":[{"href":"https:\/\/yovedenateljeekoti.net\/en\/wp-json\/wp\/v2\/types\/page"}],"author":[{"embeddable":true,"href":"https:\/\/yovedenateljeekoti.net\/en\/wp-json\/wp\/v2\/users\/5"}],"replies":[{"embeddable":true,"href":"https:\/\/yovedenateljeekoti.net\/en\/wp-json\/wp\/v2\/comments?post=52524"}],"version-history":[{"count":5,"href":"https:\/\/yovedenateljeekoti.net\/en\/wp-json\/wp\/v2\/pages\/52524\/revisions"}],"predecessor-version":[{"id":53863,"href":"https:\/\/yovedenateljeekoti.net\/en\/wp-json\/wp\/v2\/pages\/52524\/revisions\/53863"}],"wp:attachment":[{"href":"https:\/\/yovedenateljeekoti.net\/en\/wp-json\/wp\/v2\/media?parent=52524"}],"curies":[{"name":"wp","href":"https:\/\/api.w.org\/{rel}","templated":true}]}}