{"id":54225,"date":"2021-08-31T07:45:36","date_gmt":"2021-08-31T04:45:36","guid":{"rendered":"https:\/\/yovedenateljeekoti.net\/?page_id=54225"},"modified":"2025-12-18T08:56:04","modified_gmt":"2025-12-18T06:56:04","slug":"yoveden-ateljeekoti","status":"publish","type":"page","link":"https:\/\/yovedenateljeekoti.net\/en\/yoveden-ateljeekoti\/","title":{"rendered":"Our story"},"content":{"rendered":"<p>[et_pb_section fb_built=&#8221;1&#8243; disabled_on=&#8221;off|off|off&#8221; _builder_version=&#8221;4.27.4&#8243; use_background_color_gradient=&#8221;on&#8221; background_color_gradient_stops=&#8221;#000e28 0%|rgba(0,0,0,0) 67%&#8221; background_color_gradient_start=&#8221;#000e28&#8243; background_color_gradient_end=&#8221;rgba(0,0,0,0)&#8221; background_color_gradient_end_position=&#8221;67%&#8221; background_image=&#8221;https:\/\/yovedenateljeekoti.net\/wp-content\/uploads\/2024\/12\/yovesi-akvarelli-kursit.jpg&#8221; background_blend=&#8221;overlay&#8221; background_enable_video_mp4=&#8221;off&#8221; background_video_width=&#8221;1080&#8243; background_video_height=&#8221;1080&#8243; custom_padding=&#8221;92px||76px|||&#8221; global_colors_info=&#8221;{}&#8221;][et_pb_row custom_padding_last_edited=&#8221;on|phone&#8221; _builder_version=&#8221;4.27.4&#8243; background_enable_color=&#8221;off&#8221; background_color_gradient_direction=&#8221;181deg&#8221; width=&#8221;42%&#8221; width_tablet=&#8221;42%&#8221; width_phone=&#8221;100%&#8221; width_last_edited=&#8221;on|phone&#8221; min_height=&#8221;152px&#8221; custom_margin=&#8221;100px|auto|62px|auto||&#8221; custom_margin_tablet=&#8221;100px|auto|62px|auto||&#8221; custom_margin_phone=&#8221;0%||3%||false|false&#8221; custom_margin_last_edited=&#8221;on|phone&#8221; custom_padding=&#8221;63px||69px|||&#8221; custom_padding_tablet=&#8221;63px||69px|||&#8221; custom_padding_phone=&#8221;0%||0px||false|false&#8221; use_custom_width=&#8221;on&#8221; width_unit=&#8221;off&#8221; custom_width_percent=&#8221;100%&#8221; global_colors_info=&#8221;{}&#8221;][et_pb_column type=&#8221;4_4&#8243; _builder_version=&#8221;4.16&#8243; custom_padding=&#8221;|||&#8221; global_colors_info=&#8221;{}&#8221; custom_padding__hover=&#8221;|||&#8221;][et_pb_text _builder_version=&#8221;4.27.4&#8243; text_font=&#8221;Cinzel Decorative|700||||||rgba(249,245,239,0.87)|&#8221; text_text_color=&#8221;#f9f5ef&#8221; text_font_size=&#8221;43px&#8221; text_letter_spacing=&#8221;2px&#8221; header_font=&#8221;||||||||&#8221; header_2_font=&#8221;||||||||&#8221; text_orientation=&#8221;center&#8221; text_font_size_tablet=&#8221;&#8221; text_font_size_phone=&#8221;25px&#8221; text_font_size_last_edited=&#8221;on|phone&#8221; text_text_shadow_style=&#8221;preset3&#8243; text_text_shadow_blur_strength=&#8221;0.13em&#8221; text_text_shadow_color=&#8221;rgba(40,0,40,0.61)&#8221; global_colors_info=&#8221;{}&#8221;]<\/p>\n<p>Y\u00d6VEDEN<\/p>\n<p>[\/et_pb_text][et_pb_text _builder_version=&#8221;4.27.4&#8243; text_font=&#8221;Cinzel Decorative|200|||||||&#8221; text_text_color=&#8221;#f9f5ef&#8221; text_font_size=&#8221;20px&#8221; text_letter_spacing=&#8221;3px&#8221; text_line_height=&#8221;1.6em&#8221; text_orientation=&#8221;center&#8221; custom_margin=&#8221;-23px|||||&#8221; custom_padding=&#8221;7px|||||&#8221; text_font_size_tablet=&#8221;&#8221; text_font_size_phone=&#8221;14px&#8221; text_font_size_last_edited=&#8221;on|phone&#8221; text_text_shadow_style=&#8221;preset3&#8243; text_text_shadow_blur_strength=&#8221;0.31em&#8221; text_text_shadow_color=&#8221;rgba(40,0,40,0.61)&#8221; global_colors_info=&#8221;{}&#8221;]<\/p>\n<p>ATELJEEKOTI<\/p>\n<p>[\/et_pb_text][\/et_pb_column][\/et_pb_row][\/et_pb_section][et_pb_section fb_built=&#8221;1&#8243; _builder_version=&#8221;4.16&#8243; _module_preset=&#8221;default&#8221; background_color=&#8221;#f9f5f0&#8243; custom_padding=&#8221;70px|||||&#8221; global_colors_info=&#8221;{}&#8221;][et_pb_row column_structure=&#8221;1_2,1_2&#8243; use_custom_gutter=&#8221;on&#8221; gutter_width=&#8221;1&#8243; _builder_version=&#8221;4.16&#8243; _module_preset=&#8221;default&#8221; width=&#8221;90%&#8221; max_width=&#8221;1691px&#8221; custom_padding=&#8221;0px|||||&#8221; global_colors_info=&#8221;{}&#8221;][et_pb_column type=&#8221;1_2&#8243; _builder_version=&#8221;4.16&#8243; _module_preset=&#8221;default&#8221; global_colors_info=&#8221;{}&#8221;][et_pb_text _builder_version=&#8221;4.27.4&#8243; _module_preset=&#8221;default&#8221; text_font=&#8221;Lora|300|||||||&#8221; text_text_color=&#8221;gcid-12af393f-0593-446a-b68b-8d1fa350dd3c&#8221; text_font_size=&#8221;18px&#8221; text_line_height=&#8221;1.8em&#8221; header_font=&#8221;Playfair Display||||||||&#8221; header_text_color=&#8221;gcid-12af393f-0593-446a-b68b-8d1fa350dd3c&#8221; header_font_size=&#8221;43px&#8221; header_line_height=&#8221;1.2em&#8221; text_orientation=&#8221;center&#8221; custom_margin=&#8221;17px||36px|1px||&#8221; custom_padding=&#8221;7px|7%||7%|false|true&#8221; header_font_size_tablet=&#8221;43px&#8221; header_font_size_phone=&#8221;32px&#8221; header_font_size_last_edited=&#8221;on|phone&#8221; global_colors_info=&#8221;{%22gcid-12af393f-0593-446a-b68b-8d1fa350dd3c%22:%91%22text_text_color%22,%22header_text_color%22,%22text_text_color%22,%22header_text_color%22,%22text_text_color%22,%22text_text_color%22,%22header_text_color%22,%22text_text_color%22,%22header_text_color%22,%22text_text_color%22%93}&#8221;]<\/p>\n<h1 style=\"text-align: left;\">Y\u00f6veden Ateljeekoti \u2013 taiteen, historian ja luonnon yhdist\u00e4v\u00e4 el\u00e4mys<\/h1>\n<p style=\"text-align: left;\">Y\u00f6veden Ateljeekoti sijaitsee Saimaan upeissa maisemassa, historiallisella Himalansaaren saarella. Entisess\u00e4 kansakoulurakennuksessa toimiva Y\u00f6veden Ateljeekoti huokuu menneiden aikojen tunnelmaa ja tarjoaa unohtumattomia el\u00e4myksi\u00e4 yhdist\u00e4m\u00e4ll\u00e4 taiteen, historian ja luonnonrauhan.<\/p>\n<p style=\"text-align: left;\">Ateljeekodin tarina sai alkunsa 1990-luvulla, kun perheeni kunnosti vanhan koulurakennuksen kulttuurin ja taiteen keskukseksi. Vanhempieni intohimo kuvataiteeseen, kulttuuriperint\u00f6\u00f6n ja vanhojen rakennusten s\u00e4ilytt\u00e4miseen loi perustan toiminnalle, joka on jatkunut sukupolvien ajan. Nyky\u00e4\u00e4n jatkan t\u00e4t\u00e4 perinnett\u00e4 yhdess\u00e4 perheeni kanssa, kunnioittaen juuria ja uudistaen samalla tiloja ja toimintaa vastaamaan nykyp\u00e4iv\u00e4n tarpeita.<\/p>\n<p style=\"text-align: left;\">Ateljeekodin puitteet ovat vuosien varrella saaneet uuden el\u00e4m\u00e4n rakkaudella tehdyiss\u00e4 remonttiprojekteissa. Lis\u00e4ksi perheeni, mukaan lukien lapseni ja is\u00e4ni, osallistuvat aktiivisesti tilojen yll\u00e4pitoon ja tapahtumien j\u00e4rjestelyyn. Yhteis\u00f6llisyys ja perinteen vaaliminen ovat toiminnan ytimess\u00e4.<\/p>\n<p style=\"text-align: left;\">T\u00e4n\u00e4 p\u00e4iv\u00e4n\u00e4 Y\u00f6veden Ateljeekoti on paikka, jossa Saimaan luonnon rauha, taiteen voima ja sukupolvien ketju kohtaavat, tarjoten vierailijoille mahdollisuuden kokea jotakin ainutlaatuista \u2013 luovuutta, yhteytt\u00e4 ja historiaa. Tervetuloa osaksi tarinaamme!<\/p>\n<p>[\/et_pb_text][et_pb_toggle title=&#8221;Haluatko tiet\u00e4\u00e4 lis\u00e4\u00e4? Lue perheemme tarinaa t\u00e4st\u00e4!&#8221; open_toggle_background_color=&#8221;#FFFFFF&#8221; closed_toggle_background_color=&#8221;#FFFFFF&#8221; icon_color=&#8221;gcid-12af393f-0593-446a-b68b-8d1fa350dd3c&#8221; use_icon_font_size=&#8221;on&#8221; icon_font_size=&#8221;33px&#8221; open_icon_color=&#8221;gcid-12af393f-0593-446a-b68b-8d1fa350dd3c&#8221; _builder_version=&#8221;4.27.4&#8243; _module_preset=&#8221;default&#8221; title_text_color=&#8221;gcid-12af393f-0593-446a-b68b-8d1fa350dd3c&#8221; title_font=&#8221;Lora||||||||&#8221; title_font_size=&#8221;22px&#8221; title_line_height=&#8221;1.2em&#8221; body_font=&#8221;Lora||||||||&#8221; body_font_size=&#8221;18px&#8221; body_line_height=&#8221;1.8em&#8221; custom_margin=&#8221;|7%||4.7%|false|false&#8221; custom_padding=&#8221;|3%||3%|false|false&#8221; global_colors_info=&#8221;{%22gcid-12af393f-0593-446a-b68b-8d1fa350dd3c%22:%91%22title_text_color%22,%22icon_color%22,%22open_icon_color%22%93}&#8221; theme_builder_area=&#8221;post_content&#8221;]<\/p>\n<p style=\"text-align: left;\">Kaikki alkoi 1970-luvun alussa, kun vanhempani, Pirjo ja Hannu Jokela, p\u00e4\u00e4tyiv\u00e4t hankkimaan Himalansaaren vanhan osuuskaupan kes\u00e4kodikseen. T\u00e4m\u00e4 1800-luvun lopulta per\u00e4isin oleva rakennus seisoi vaatimattomana Saimaan rannalla, mutta he n\u00e4kiv\u00e4t siin\u00e4 jotain, mit\u00e4 muut eiv\u00e4t: mahdollisuuden her\u00e4tt\u00e4\u00e4 menneisyyden henki eloon uudella tavalla. Moni piti heit\u00e4 hulluna \u2013 kuka sijoittaisi s\u00e4\u00e4st\u00f6ns\u00e4 &#8221;vanhaan r\u00f6ttel\u00f6\u00f6n&#8221;? Mutta heid\u00e4n sitkeytens\u00e4 ja vision\u00e4\u00e4risyytens\u00e4 alkoivat hiljalleen kantaa hedelm\u00e4\u00e4.<\/p>\n<p style=\"text-align: left;\">1990-luvun alussa, kun Himalansaaren koulu suljettiin, vanhempani p\u00e4\u00e4ttiv\u00e4t pelastaa senkin rapistumiselta. Vuoden vuokrajakson j\u00e4lkeen Ristiinan kunta myi rakennuksen heille, ja n\u00e4in alkoi uusi vaihe perheemme el\u00e4m\u00e4ss\u00e4. Koulu her\u00e4si eloon Sinisen Saimaan Taideinstituuttina, jossa yhdistyi taide, kulttuuri ja hyvinvointi.<\/p>\n<p style=\"text-align: left;\">Lapsuusvuosiltani muistan yhteiset hetket perheen kanssa, kun maalasimme seini\u00e4, kunnostimme kalusteita ja hoidimme puutarhaa. Puhumattakaan rantasaunan l\u00e4mmitt\u00e4misest\u00e4, joka oli aina se hetki, jolloin arki tuntui pys\u00e4htyv\u00e4n. Vanhempani ty\u00f6skenteliv\u00e4t p\u00e4ivisin l\u00e4\u00e4k\u00e4rein\u00e4, mutta iltaisin ja viikonloppuisin he uppoutuivat taiteen maailmaan \u2013 \u00e4itini akvarellikurssien opettajana ja is\u00e4ni kokkina sek\u00e4 tapahtumaj\u00e4rjest\u00e4j\u00e4n\u00e4. Itse p\u00e4\u00e4sin mukaan kursseille aluksi maalausmallina, my\u00f6hemmin opettajana ja n\u00e4yttelyiden j\u00e4rjest\u00e4j\u00e4n\u00e4.<\/p>\n<p style=\"text-align: left;\">1990-luvun lama ja kulttuurialan haasteet eiv\u00e4t kuitenkaan tehneet el\u00e4m\u00e4st\u00e4 helppoa. Taideinstituutti sai uutta pontta, kun yhteisty\u00f6 L\u00e4\u00e4k\u00e4reiden kulttuuriseuran kanssa alkoi. T\u00e4m\u00e4 yhteisty\u00f6 toi satoja kursseja, n\u00e4yttelyit\u00e4 ja kulttuurimatkoja, joiden j\u00e4rjest\u00e4misess\u00e4 koko perhe oli mukana.<\/p>\n<p style=\"text-align: left;\">Vuonna 2014 perheyrityksemme toiminta hiljeni. Olin tuolloin itse jo kulkenut taiteilijan, opettajan ja \u00e4idin polkua. Tasapainoilin perhearjen, taiteen ja opettamisen v\u00e4lill\u00e4, kunnes el\u00e4m\u00e4ni sai uuden suunnan \u2013 p\u00e4\u00e4t\u00f6ksen kantaa vastuu t\u00e4st\u00e4 paikasta ja sen tarinasta.<\/p>\n<p style=\"text-align: left;\">Kes\u00e4ll\u00e4 2022 pakkasimme tavaramme ja muutimme perheeni kanssa Mikkeliin. T\u00e4m\u00e4 oli suuri askel \u2013 ei pelk\u00e4st\u00e4\u00e4n minulle, vaan my\u00f6s lapsilleni, jotka ovat olleet innokkaasti mukana projekteissa. Olemme yhdess\u00e4 remontoineet tiloja ja pihapiiri\u00e4, ja esimerkiksi vanha koulun piha on kokenut t\u00e4ydellisen muutoksen uusien kes\u00e4keitti\u00f6iden ja puutarhan my\u00f6t\u00e4.<\/p>\n<p style=\"text-align: left;\">Y\u00f6veden Ateljeekoti ei ole pelk\u00e4st\u00e4\u00e4n perint\u00f6 \u2013 se on jatkuvasti el\u00e4v\u00e4 ja kehittyv\u00e4 tarina. \u00c4itini poismenon j\u00e4lkeen is\u00e4ni on ollut t\u00e4rke\u00e4 tuki. H\u00e4n viihdytt\u00e4\u00e4 vieraita tarinoillaan, l\u00e4mmitt\u00e4\u00e4 saunaa ja on l\u00e4sn\u00e4 niin arjessa kuin juhlassa.<\/p>\n<p style=\"text-align: left;\">Joka kes\u00e4 luonamme vierailee my\u00f6s edesmenneen \u00e4itini yst\u00e4v\u00e4 Irja, joka i\u00e4st\u00e4\u00e4n huolimatta hoitaa kanoja ja istuttaa kukkia puutarhaan. Lasteni lis\u00e4ksi my\u00f6s sisarusteni lapset ovat mukana auttamassa kursseilla ja tapahtumissa \u2013 perinne jatkuu, mutta aina uudessa muodossa.<\/p>\n<p>[\/et_pb_toggle][et_pb_button button_url=&#8221;https:\/\/fi.wikipedia.org\/wiki\/Himalansaari&#8221; url_new_window=&#8221;on&#8221; button_text=&#8221;Himalansaari&#8221; button_alignment=&#8221;center&#8221; _builder_version=&#8221;4.27.4&#8243; _module_preset=&#8221;default&#8221; custom_button=&#8221;on&#8221; button_text_size=&#8221;18px&#8221; button_text_color=&#8221;#FFFFFF&#8221; button_bg_color=&#8221;gcid-12af393f-0593-446a-b68b-8d1fa350dd3c&#8221; button_border_width=&#8221;10px&#8221; button_border_color=&#8221;gcid-12af393f-0593-446a-b68b-8d1fa350dd3c&#8221; button_border_radius=&#8221;37px&#8221; button_letter_spacing=&#8221;3px&#8221; button_font=&#8221;Lora|700||on|||||&#8221; button_use_icon=&#8221;off&#8221; custom_margin=&#8221;||12%||false|false&#8221; global_colors_info=&#8221;{%22gcid-12af393f-0593-446a-b68b-8d1fa350dd3c%22:%91%22button_bg_color%22,%22button_border_color%22%93}&#8221; theme_builder_area=&#8221;post_content&#8221;][\/et_pb_button][et_pb_button button_url=&#8221;https:\/\/www.visitmikkeli.fi\/teema\/astuvansalmi&#8221; url_new_window=&#8221;on&#8221; button_text=&#8221;Astuvansalmen kalliomaalaukset&#8221; button_alignment=&#8221;center&#8221; _builder_version=&#8221;4.27.4&#8243; _module_preset=&#8221;default&#8221; custom_button=&#8221;on&#8221; button_text_size=&#8221;18px&#8221; button_text_color=&#8221;#FFFFFF&#8221; button_bg_color=&#8221;gcid-12af393f-0593-446a-b68b-8d1fa350dd3c&#8221; button_border_width=&#8221;10px&#8221; button_border_color=&#8221;gcid-12af393f-0593-446a-b68b-8d1fa350dd3c&#8221; button_border_radius=&#8221;37px&#8221; button_letter_spacing=&#8221;3px&#8221; button_font=&#8221;Lora|700||on|||||&#8221; button_use_icon=&#8221;off&#8221; custom_margin=&#8221;||5.3%||false|false&#8221; global_colors_info=&#8221;{%22gcid-12af393f-0593-446a-b68b-8d1fa350dd3c%22:%91%22button_bg_color%22,%22button_border_color%22%93}&#8221; theme_builder_area=&#8221;post_content&#8221;][\/et_pb_button][\/et_pb_column][et_pb_column type=&#8221;1_2&#8243; _builder_version=&#8221;4.16&#8243; _module_preset=&#8221;default&#8221; global_colors_info=&#8221;{}&#8221;][et_pb_gallery gallery_ids=&#8221;54146,56975,56977,54349,55840,56976,55553,56978,54246,53394,54982,54243,53478,55558,54088,55555,55294,54971,54354,56079&#8243; posts_number=&#8221;8&#8243; show_title_and_caption=&#8221;off&#8221; show_pagination=&#8221;off&#8221; zoom_icon_color=&#8221;rgba(216,216,216,0.02)&#8221; hover_overlay_color=&#8221;rgba(63,0,127,0.27)&#8221; _builder_version=&#8221;4.27.5&#8243; global_colors_info=&#8221;{}&#8221; theme_builder_area=&#8221;post_content&#8221;][\/et_pb_gallery][\/et_pb_column][\/et_pb_row][\/et_pb_section][et_pb_section fb_built=&#8221;1&#8243; _builder_version=&#8221;4.27.4&#8243; _module_preset=&#8221;default&#8221; background_color=&#8221;#f9f5f0&#8243; custom_padding=&#8221;42px||15%||false|false&#8221; global_colors_info=&#8221;{}&#8221;][\/et_pb_section][et_pb_section fb_built=&#8221;1&#8243; _builder_version=&#8221;4.27.4&#8243; _module_preset=&#8221;default&#8221; background_color=&#8221;gcid-12af393f-0593-446a-b68b-8d1fa350dd3c&#8221; global_module=&#8221;55844&#8243; saved_tabs=&#8221;all&#8221; global_colors_info=&#8221;{%22gcid-12af393f-0593-446a-b68b-8d1fa350dd3c%22:%91%22background_color%22%93}&#8221;][et_pb_row _builder_version=&#8221;4.27.4&#8243; _module_preset=&#8221;default&#8221; global_colors_info=&#8221;{}&#8221;][et_pb_column type=&#8221;4_4&#8243; _builder_version=&#8221;4.27.4&#8243; _module_preset=&#8221;default&#8221; global_colors_info=&#8221;{}&#8221;][et_pb_image src=&#8221;https:\/\/yovedenateljeekoti.net\/wp-content\/uploads\/2023\/04\/ateljeekotilogo_2023_dark.png&#8221; title_text=&#8221;ateljeekotilogo_2023_dark&#8221; align=&#8221;center&#8221; _builder_version=&#8221;4.27.4&#8243; _module_preset=&#8221;default&#8221; custom_margin=&#8221;-32%||30px||false|false&#8221; custom_margin_tablet=&#8221;&#8221; custom_margin_phone=&#8221;-74%||||false|false&#8221; custom_margin_last_edited=&#8221;on|phone&#8221; global_colors_info=&#8221;{}&#8221;][\/et_pb_image][\/et_pb_column][\/et_pb_row][et_pb_row column_structure=&#8221;1_3,1_3,1_3&#8243; _builder_version=&#8221;4.27.4&#8243; width=&#8221;100%&#8221; max_width=&#8221;2218px&#8221; custom_padding=&#8221;0px|5%||8%|false|false&#8221; locked=&#8221;off&#8221; global_colors_info=&#8221;{}&#8221;][et_pb_column type=&#8221;1_3&#8243; _builder_version=&#8221;4.16&#8243; custom_padding=&#8221;|||&#8221; global_colors_info=&#8221;{}&#8221; custom_padding__hover=&#8221;|||&#8221;][et_pb_text _builder_version=&#8221;4.27.4&#8243; text_font=&#8221;Lora||||||||&#8221; text_text_color=&#8221;#FFFFFF&#8221; text_font_size=&#8221;18px&#8221; text_line_height=&#8221;1.8em&#8221; link_text_color=&#8221;gcid-36327d4f-cddb-4d64-abde-15130ec6dcaa&#8221; text_orientation=&#8221;center&#8221; custom_margin=&#8221;||27px|||&#8221; custom_padding=&#8221;|||9%|false|false&#8221; text_font_size_tablet=&#8221;20px&#8221; text_font_size_phone=&#8221;17px&#8221; text_font_size_last_edited=&#8221;on|phone&#8221; global_colors_info=&#8221;{%22gcid-36327d4f-cddb-4d64-abde-15130ec6dcaa%22:%91%22link_text_color%22%93}&#8221;]<\/p>\n<p style=\"text-align: left;\">YHTEYS<\/p>\n<p style=\"text-align: left;\"><a href=\"mailto:ateljeekoti@katjaantonoff.net\">ateljeekoti@katjaantonoff.net<\/a><br \/>Majoitusvaraukset: <a href=\"https:\/\/www.airbnb.fi\/rooms\/31169091?guests=1&amp;adults=1&amp;s=67&amp;unique_share_id=81881805-aad5-4cf1-9e79-f5e0a5ce1b09\">airbnb\u00a0<\/a><\/p>\n<p>[\/et_pb_text][et_pb_social_media_follow _builder_version=&#8221;4.27.4&#8243; _module_preset=&#8221;default&#8221; text_orientation=&#8221;left&#8221; custom_margin=&#8221;||6px|||&#8221; custom_padding=&#8221;||13px|9%|false|false&#8221; global_colors_info=&#8221;{}&#8221;][et_pb_social_media_follow_network social_network=&#8221;facebook&#8221; url=&#8221;https:\/\/www.facebook.com\/yovedenateljeekoti&#8221; icon_color=&#8221;gcid-12af393f-0593-446a-b68b-8d1fa350dd3c&#8221; use_icon_font_size=&#8221;on&#8221; icon_font_size=&#8221;21px&#8221; _builder_version=&#8221;4.27.4&#8243; _module_preset=&#8221;default&#8221; background_color=&#8221;gcid-992030b7-aaf3-4f40-a6f8-6a8f4e4e208c&#8221; background_enable_color=&#8221;on&#8221; border_radii=&#8221;on|34px|34px|34px|34px&#8221; border_width_all=&#8221;8px&#8221; border_color_all=&#8221;gcid-12af393f-0593-446a-b68b-8d1fa350dd3c&#8221; global_colors_info=&#8221;{%22gcid-12af393f-0593-446a-b68b-8d1fa350dd3c%22:%91%22border_color_all%22,%22icon_color%22%93,%22gcid-992030b7-aaf3-4f40-a6f8-6a8f4e4e208c%22:%91%22background_color%22%93}&#8221; follow_button=&#8221;off&#8221; url_new_window=&#8221;on&#8221;]facebook[\/et_pb_social_media_follow_network][et_pb_social_media_follow_network social_network=&#8221;instagram&#8221; url=&#8221;https:\/\/www.instagram.com\/katjaantonoff\/&#8221; icon_color=&#8221;gcid-12af393f-0593-446a-b68b-8d1fa350dd3c&#8221; use_icon_font_size=&#8221;on&#8221; icon_font_size=&#8221;21px&#8221; _builder_version=&#8221;4.27.4&#8243; _module_preset=&#8221;default&#8221; background_color=&#8221;gcid-992030b7-aaf3-4f40-a6f8-6a8f4e4e208c&#8221; background_enable_color=&#8221;on&#8221; border_radii=&#8221;on|34px|34px|34px|34px&#8221; border_width_all=&#8221;8px&#8221; border_color_all=&#8221;gcid-12af393f-0593-446a-b68b-8d1fa350dd3c&#8221; global_colors_info=&#8221;{%22gcid-12af393f-0593-446a-b68b-8d1fa350dd3c%22:%91%22border_color_all%22,%22icon_color%22%93,%22gcid-992030b7-aaf3-4f40-a6f8-6a8f4e4e208c%22:%91%22background_color%22%93}&#8221; follow_button=&#8221;off&#8221; url_new_window=&#8221;on&#8221;]instagram[\/et_pb_social_media_follow_network][\/et_pb_social_media_follow][et_pb_text _builder_version=&#8221;4.27.4&#8243; text_font=&#8221;Lora||||||||&#8221; text_text_color=&#8221;#FFFFFF&#8221; text_font_size=&#8221;18px&#8221; text_line_height=&#8221;1.4em&#8221; text_orientation=&#8221;center&#8221; custom_padding=&#8221;|||9%|false|false&#8221; text_font_size_tablet=&#8221;20px&#8221; text_font_size_phone=&#8221;17px&#8221; text_font_size_last_edited=&#8221;on|phone&#8221; global_colors_info=&#8221;{}&#8221;]<\/p>\n<p style=\"text-align: left;\">Sinisaimaa Oy<\/p>\n<p style=\"text-align: left;\">Y\u00d6VEDEN ATELJEEKOTI<br \/>Himalansaarentie 553, 52420 Ristiina<br \/>+358405784003<br \/>y-tunnus 0970126-8<\/p>\n<p>[\/et_pb_text][\/et_pb_column][et_pb_column type=&#8221;1_3&#8243; _builder_version=&#8221;4.16&#8243; custom_padding=&#8221;|||&#8221; global_colors_info=&#8221;{}&#8221; custom_padding__hover=&#8221;|||&#8221;][\/et_pb_column][et_pb_column type=&#8221;1_3&#8243; _builder_version=&#8221;4.16&#8243; custom_padding=&#8221;|||&#8221; global_colors_info=&#8221;{}&#8221; custom_padding__hover=&#8221;|||&#8221;][et_pb_image src=&#8221;https:\/\/yovedenateljeekoti.net\/wp-content\/uploads\/2025\/01\/Epassi_logo_color.png&#8221; title_text=&#8221;Epassi_logo_color&#8221; _builder_version=&#8221;4.27.5&#8243; _module_preset=&#8221;default&#8221; width_tablet=&#8221;&#8221; width_phone=&#8221;77%&#8221; width_last_edited=&#8221;on|phone&#8221; custom_margin_tablet=&#8221;&#8221; custom_margin_phone=&#8221;&#8221; custom_margin_last_edited=&#8221;on|phone&#8221; custom_padding_tablet=&#8221;&#8221; custom_padding_phone=&#8221;|||8%|false|false&#8221; custom_padding_last_edited=&#8221;on|phone&#8221; hover_enabled=&#8221;0&#8243; global_colors_info=&#8221;{}&#8221; width=&#8221;32%&#8221; sticky_enabled=&#8221;0&#8243;][\/et_pb_image][et_pb_image src=&#8221;https:\/\/yovedenateljeekoti.net\/wp-content\/uploads\/2025\/01\/Epassi-Logo-Secondary-Color-RGB.png&#8221; title_text=&#8221;Epassi Logo Secondary Color RGB&#8221; _builder_version=&#8221;4.27.5&#8243; _module_preset=&#8221;default&#8221; filter_opacity=&#8221;92%&#8221; hover_enabled=&#8221;0&#8243; global_colors_info=&#8221;{}&#8221; width=&#8221;41%&#8221; sticky_enabled=&#8221;0&#8243;][\/et_pb_image][et_pb_image src=&#8221;https:\/\/yovedenateljeekoti.net\/wp-content\/uploads\/2025\/07\/FI-Euroopan-unionin-osarahoittama_BLACK-Outline-scaled.jpg&#8221; title_text=&#8221;FI Euroopan unionin osarahoittama_BLACK Outline&#8221; _builder_version=&#8221;4.27.5&#8243; _module_preset=&#8221;default&#8221; hover_enabled=&#8221;0&#8243; global_colors_info=&#8221;{}&#8221; width=&#8221;55%&#8221; sticky_enabled=&#8221;0&#8243;][\/et_pb_image][et_pb_text _builder_version=&#8221;4.27.5&#8243; _module_preset=&#8221;default&#8221; text_text_color=&#8221;#FFFFFF&#8221; hover_enabled=&#8221;0&#8243; global_colors_info=&#8221;{}&#8221; width=&#8221;100%&#8221; sticky_enabled=&#8221;0&#8243;]<\/p>\n<p>Y\u00f6veden Ateljeekoti on saanut EU:n maaseuturahoitusta Leader-ryhm\u00e4lt\u00e4 Veej`jakajat. Rahoituksen avulla toteutettiin verkkosivuston uudistus, laadittiin markkinointisuunnitelma sek\u00e4 tuotettiin videomateriaalia markkinointiin.<\/p>\n<p>[\/et_pb_text][\/et_pb_column][\/et_pb_row][\/et_pb_section]<\/p>\n","protected":false},"excerpt":{"rendered":"<p>Y\u00d6VEDENATELJEEKOTIY\u00f6veden Ateljeekoti \u2013 taiteen, historian ja luonnon yhdist\u00e4v\u00e4 el\u00e4mys Y\u00f6veden Ateljeekoti sijaitsee Saimaan upeissa maisemassa, historiallisella Himalansaaren saarella. Entisess\u00e4 kansakoulurakennuksessa toimiva Y\u00f6veden Ateljeekoti huokuu menneiden aikojen tunnelmaa ja tarjoaa unohtumattomia el\u00e4myksi\u00e4 yhdist\u00e4m\u00e4ll\u00e4 taiteen, historian ja luonnonrauhan. Ateljeekodin tarina sai alkunsa 1990-luvulla, kun perheeni kunnosti vanhan koulurakennuksen kulttuurin ja taiteen keskukseksi. Vanhempieni intohimo kuvataiteeseen, kulttuuriperint\u00f6\u00f6n ja [&hellip;]<\/p>\n","protected":false},"author":4,"featured_media":0,"parent":0,"menu_order":0,"comment_status":"closed","ping_status":"closed","template":"","meta":{"_et_pb_use_builder":"on","_et_pb_old_content":"","_et_gb_content_width":"","footnotes":""},"class_list":["post-54225","page","type-page","status-publish","hentry"],"aioseo_notices":[],"_links":{"self":[{"href":"https:\/\/yovedenateljeekoti.net\/en\/wp-json\/wp\/v2\/pages\/54225","targetHints":{"allow":["GET"]}}],"collection":[{"href":"https:\/\/yovedenateljeekoti.net\/en\/wp-json\/wp\/v2\/pages"}],"about":[{"href":"https:\/\/yovedenateljeekoti.net\/en\/wp-json\/wp\/v2\/types\/page"}],"author":[{"embeddable":true,"href":"https:\/\/yovedenateljeekoti.net\/en\/wp-json\/wp\/v2\/users\/4"}],"replies":[{"embeddable":true,"href":"https:\/\/yovedenateljeekoti.net\/en\/wp-json\/wp\/v2\/comments?post=54225"}],"version-history":[{"count":63,"href":"https:\/\/yovedenateljeekoti.net\/en\/wp-json\/wp\/v2\/pages\/54225\/revisions"}],"predecessor-version":[{"id":56989,"href":"https:\/\/yovedenateljeekoti.net\/en\/wp-json\/wp\/v2\/pages\/54225\/revisions\/56989"}],"wp:attachment":[{"href":"https:\/\/yovedenateljeekoti.net\/en\/wp-json\/wp\/v2\/media?parent=54225"}],"curies":[{"name":"wp","href":"https:\/\/api.w.org\/{rel}","templated":true}]}}