{"id":54256,"date":"2021-08-31T09:15:51","date_gmt":"2021-08-31T06:15:51","guid":{"rendered":"https:\/\/yovedenateljeekoti.net\/?page_id=54256"},"modified":"2025-02-14T19:14:51","modified_gmt":"2025-02-14T17:14:51","slug":"taiteilija-katja-antonoff","status":"publish","type":"page","link":"https:\/\/yovedenateljeekoti.net\/en\/taiteilija-katja-antonoff\/","title":{"rendered":"Artist Katja Antonoff"},"content":{"rendered":"<p>[et_pb_section fb_built=&#8221;1&#8243; disabled_on=&#8221;off|off|off&#8221; _builder_version=&#8221;4.27.4&#8243; use_background_color_gradient=&#8221;on&#8221; background_color_gradient_stops=&#8221;#000e28 0%|rgba(0,0,0,0) 67%&#8221; background_color_gradient_start=&#8221;#000e28&#8243; background_color_gradient_end=&#8221;rgba(0,0,0,0)&#8221; background_color_gradient_end_position=&#8221;67%&#8221; background_image=&#8221;https:\/\/yovedenateljeekoti.net\/wp-content\/uploads\/2021\/08\/Katja-tyo\u0308huoneella.jpg&#8221; background_blend=&#8221;overlay&#8221; background_enable_video_mp4=&#8221;off&#8221; background_video_width=&#8221;1080&#8243; background_video_height=&#8221;1080&#8243; custom_padding=&#8221;278px||185px|||&#8221; global_colors_info=&#8221;{}&#8221;][et_pb_row _builder_version=&#8221;4.16&#8243; background_enable_color=&#8221;off&#8221; background_color_gradient_direction=&#8221;181deg&#8221; width=&#8221;42%&#8221; max_width=&#8221;375%&#8221; min_height=&#8221;152px&#8221; custom_padding=&#8221;63px||69px|||&#8221; use_custom_width=&#8221;on&#8221; width_unit=&#8221;off&#8221; custom_width_percent=&#8221;100%&#8221; global_colors_info=&#8221;{}&#8221;][et_pb_column type=&#8221;4_4&#8243; _builder_version=&#8221;4.16&#8243; custom_padding=&#8221;|||&#8221; global_colors_info=&#8221;{}&#8221; custom_padding__hover=&#8221;|||&#8221;][et_pb_text admin_label=&#8221;Teksti&#8221; _builder_version=&#8221;4.20.4&#8243; text_font=&#8221;Cinzel Decorative|700||||||rgba(249,245,239,0.87)|&#8221; text_text_color=&#8221;#f9f5ef&#8221; text_font_size=&#8221;43px&#8221; text_letter_spacing=&#8221;2px&#8221; header_font=&#8221;||||||||&#8221; header_2_font=&#8221;||||||||&#8221; text_orientation=&#8221;center&#8221; text_font_size_tablet=&#8221;&#8221; text_font_size_phone=&#8221;18px&#8221; text_font_size_last_edited=&#8221;on|phone&#8221; text_text_shadow_style=&#8221;preset3&#8243; text_text_shadow_blur_strength=&#8221;0.13em&#8221; text_text_shadow_color=&#8221;rgba(40,0,40,0.61)&#8221; global_colors_info=&#8221;{}&#8221;]<\/p>\n<p>KATJA ANTONOFF<\/p>\n<p>[\/et_pb_text][et_pb_divider color=&#8221;#f9f5ef&#8221; divider_weight=&#8221;1px&#8221; _builder_version=&#8221;4.16&#8243; max_width=&#8221;88%&#8221; module_alignment=&#8221;center&#8221; height=&#8221;0px&#8221; custom_margin=&#8221;-3px||||false|false&#8221; custom_padding=&#8221;|1vw||1vw&#8221; global_colors_info=&#8221;{}&#8221;][\/et_pb_divider][et_pb_text _builder_version=&#8221;4.20.4&#8243; text_font=&#8221;|200|||||||&#8221; text_text_color=&#8221;#f9f5ef&#8221; text_font_size=&#8221;20px&#8221; text_letter_spacing=&#8221;3px&#8221; text_line_height=&#8221;1.6em&#8221; text_orientation=&#8221;center&#8221; custom_margin=&#8221;-23px|||||&#8221; custom_padding=&#8221;7px|||||&#8221; text_font_size_tablet=&#8221;&#8221; text_font_size_phone=&#8221;14px&#8221; text_font_size_last_edited=&#8221;on|phone&#8221; text_text_shadow_style=&#8221;preset3&#8243; text_text_shadow_blur_strength=&#8221;0.31em&#8221; text_text_shadow_color=&#8221;rgba(40,0,40,0.61)&#8221; global_colors_info=&#8221;{}&#8221;]<\/p>\n<p>TAITEILIJA<\/p>\n<p>[\/et_pb_text][\/et_pb_column][\/et_pb_row][\/et_pb_section][et_pb_section fb_built=&#8221;1&#8243; _builder_version=&#8221;4.16&#8243; _module_preset=&#8221;default&#8221; background_color=&#8221;#f9f5f0&#8243; custom_padding=&#8221;70px|||||&#8221; global_colors_info=&#8221;{}&#8221;][et_pb_row column_structure=&#8221;1_2,1_2&#8243; use_custom_gutter=&#8221;on&#8221; gutter_width=&#8221;1&#8243; _builder_version=&#8221;4.16&#8243; _module_preset=&#8221;default&#8221; width=&#8221;90%&#8221; max_width=&#8221;1691px&#8221; global_colors_info=&#8221;{}&#8221;][et_pb_column type=&#8221;1_2&#8243; _builder_version=&#8221;4.16&#8243; _module_preset=&#8221;default&#8221; global_colors_info=&#8221;{}&#8221;][et_pb_social_media_follow _builder_version=&#8221;4.16&#8243; _module_preset=&#8221;default&#8221; text_orientation=&#8221;left&#8221; custom_padding=&#8221;||13px|||&#8221; global_colors_info=&#8221;{}&#8221;][et_pb_social_media_follow_network social_network=&#8221;facebook&#8221; url=&#8221;https:\/\/www.facebook.com\/yovedenateljeekoti&#8221; _builder_version=&#8221;4.16&#8243; _module_preset=&#8221;default&#8221; background_color=&#8221;#c16250&#8243; background_enable_color=&#8221;on&#8221; global_colors_info=&#8221;{}&#8221; follow_button=&#8221;off&#8221; url_new_window=&#8221;on&#8221;]facebook[\/et_pb_social_media_follow_network][et_pb_social_media_follow_network social_network=&#8221;instagram&#8221; url=&#8221;https:\/\/www.instagram.com\/katjaantonoff\/&#8221; _builder_version=&#8221;4.16&#8243; _module_preset=&#8221;default&#8221; background_color=&#8221;#c16250&#8243; background_enable_color=&#8221;on&#8221; global_colors_info=&#8221;{}&#8221; follow_button=&#8221;off&#8221; url_new_window=&#8221;on&#8221;]instagram[\/et_pb_social_media_follow_network][\/et_pb_social_media_follow][et_pb_text _builder_version=&#8221;4.20.4&#8243; text_font=&#8221;|200|||||||&#8221; text_text_color=&#8221;#011738&#8243; text_font_size=&#8221;20px&#8221; text_letter_spacing=&#8221;3px&#8221; text_line_height=&#8221;1.6em&#8221; text_orientation=&#8221;center&#8221; custom_margin=&#8221;53px|1vw||1vw|false|false&#8221; custom_padding=&#8221;7px||28px|||&#8221; global_colors_info=&#8221;{}&#8221;]<\/p>\n<p>&#8221;TAITEEN AVULLA V\u00c4LIT\u00c4MME ASIOITA, JOITA EI VOI SANOIN KUVATA. &#8221;<\/p>\n<p>[\/et_pb_text][et_pb_divider color=&#8221;#011738&#8243; divider_weight=&#8221;1px&#8221; _builder_version=&#8221;4.16&#8243; width=&#8221;42%&#8221; max_width=&#8221;88%&#8221; module_alignment=&#8221;center&#8221; height=&#8221;0px&#8221; custom_margin=&#8221;-3px||||false|false&#8221; custom_padding=&#8221;|1vw||1vw&#8221; global_colors_info=&#8221;{}&#8221;][\/et_pb_divider][et_pb_text _builder_version=&#8221;4.27.4&#8243; _module_preset=&#8221;default&#8221; text_font=&#8221;Lora||||||||&#8221; text_text_color=&#8221;gcid-12af393f-0593-446a-b68b-8d1fa350dd3c&#8221; text_font_size=&#8221;18px&#8221; text_line_height=&#8221;1.8em&#8221; link_text_color=&#8221;gcid-36327d4f-cddb-4d64-abde-15130ec6dcaa&#8221; header_font=&#8221;Playfair Display||||||||&#8221; header_text_color=&#8221;gcid-12af393f-0593-446a-b68b-8d1fa350dd3c&#8221; header_line_height=&#8221;1.6em&#8221; text_orientation=&#8221;center&#8221; custom_margin=&#8221;||27px|||&#8221; custom_padding=&#8221;|9%||9%|false|true&#8221; text_font_size_tablet=&#8221;20px&#8221; text_font_size_phone=&#8221;17px&#8221; text_font_size_last_edited=&#8221;on|phone&#8221; global_colors_info=&#8221;{%22gcid-36327d4f-cddb-4d64-abde-15130ec6dcaa%22:%91%22link_text_color%22%93,%22gcid-12af393f-0593-446a-b68b-8d1fa350dd3c%22:%91%22text_text_color%22,%22header_text_color%22%93}&#8221;]<\/p>\n<p>Y\u00f6veden Ateljeekoti Saimaan Y\u00f6veden saaressa on sielunmaisemani. Taiteen tekemiseen tarvitsen hiljaisuutta &#8211; syvennyn syntyv\u00e4\u00e4n teokseen.<\/p>\n<p>Olen akvarelli- ja temperamaalari sek\u00e4 kuvanveist\u00e4j\u00e4.<br \/>Suhteeni akvarelliin alkoi yli kolmekymment\u00e4 vuotta sitten. Akvarellissa minua kiehtoo sen arvoituksellisuus. Syntyv\u00e4\u00e4 kuvaa voi hienovaraisesti ohjailla, mutta ei pakottaa mihink\u00e4\u00e4n suuntaan. Maalatessani en tunne ty\u00f6skentelev\u00e4ni yksin, maalaaminen on keskustelua veden ja v\u00e4rin, akvarellin kanssa.<\/p>\n<p>Maalaan my\u00f6s temperalla. Kuten akvarellissa, sen luonteessa on jotain kesyt\u00f6nt\u00e4, joka maalarin on hyv\u00e4ksytt\u00e4v\u00e4, voidakseen el\u00e4\u00e4 sen kanssa. Kuvanveiston kanssa on toisin, aloittaessani tied\u00e4n aina mihin pyrin, materiaali on valittava sen mukaan.<\/p>\n<p>[\/et_pb_text][et_pb_text _builder_version=&#8221;4.20.4&#8243; text_font=&#8221;|200|||||||&#8221; text_text_color=&#8221;#011738&#8243; text_font_size=&#8221;20px&#8221; text_letter_spacing=&#8221;3px&#8221; text_line_height=&#8221;1.6em&#8221; text_orientation=&#8221;center&#8221; custom_margin=&#8221;53px|1vw||1vw|false|false&#8221; custom_padding=&#8221;7px||48px|||&#8221; global_colors_info=&#8221;{}&#8221;]<\/p>\n<p>TAIDETTANI ON AKTIIVISESTI MYYNNISS\u00c4 HELSINGIN TAIDELAINAAMOLLA JA TAIKOSSA.<\/p>\n<p>[\/et_pb_text][et_pb_button button_url=&#8221;https:\/\/www.taiko.art\/search?q=katja%20antonoff&#038;orderby=newest&#038;view=small&#038;collapsed=false&#038;page=1&#038;keyword=katja%20antonoff&#8221; url_new_window=&#8221;on&#8221; button_text=&#8221;Siirry Taikon Taidekauppaan&#8221; button_alignment=&#8221;left&#8221; _builder_version=&#8221;4.16&#8243; _module_preset=&#8221;default&#8221; custom_button=&#8221;on&#8221; button_text_size=&#8221;12px&#8221; button_text_color=&#8221;#011738&#8243; button_border_width=&#8221;1px&#8221; button_border_radius=&#8221;0px&#8221; button_letter_spacing=&#8221;0px&#8221; button_font=&#8221;|700|||||||&#8221; custom_margin_tablet=&#8221;&#8221; custom_margin_phone=&#8221;||35px||false|false&#8221; custom_margin_last_edited=&#8221;on|phone&#8221; global_colors_info=&#8221;{}&#8221;][\/et_pb_button][et_pb_button button_url=&#8221;https:\/\/yovedenateljeekoti.net\/teosgalleria\/&#8221; url_new_window=&#8221;on&#8221; button_text=&#8221;Katjan Galleria&#8221; button_alignment=&#8221;left&#8221; _builder_version=&#8221;4.16&#8243; _module_preset=&#8221;default&#8221; custom_button=&#8221;on&#8221; button_text_size=&#8221;12px&#8221; button_text_color=&#8221;#011738&#8243; button_border_width=&#8221;1px&#8221; button_border_radius=&#8221;0px&#8221; button_letter_spacing=&#8221;0px&#8221; button_font=&#8221;|700|||||||&#8221; custom_margin=&#8221;23px||||false|false&#8221; custom_margin_tablet=&#8221;&#8221; custom_margin_phone=&#8221;||35px||false|false&#8221; custom_margin_last_edited=&#8221;on|phone&#8221; global_colors_info=&#8221;{}&#8221;][\/et_pb_button][\/et_pb_column][et_pb_column type=&#8221;1_2&#8243; _builder_version=&#8221;4.16&#8243; _module_preset=&#8221;default&#8221; global_colors_info=&#8221;{}&#8221;][et_pb_code _builder_version=&#8221;4.16&#8243; _module_preset=&#8221;default&#8221; global_colors_info=&#8221;{}&#8221;][\/et_pb_code][et_pb_image src=&#8221;https:\/\/yovedenateljeekoti.net\/wp-content\/uploads\/2018\/12\/Laulu-kaukaisille-rannoille.jpg&#8221; title_text=&#8221;Laulu kaukaisille rannoille&#8221; align=&#8221;center&#8221; _builder_version=&#8221;4.16&#8243; _module_preset=&#8221;default&#8221; width=&#8221;56%&#8221; max_width=&#8221;74%&#8221; box_shadow_style=&#8221;preset1&#8243; box_shadow_horizontal=&#8221;-2px&#8221; box_shadow_vertical=&#8221;0px&#8221; box_shadow_blur=&#8221;11px&#8221; box_shadow_spread=&#8221;3px&#8221; global_colors_info=&#8221;{}&#8221;][\/et_pb_image][\/et_pb_column][\/et_pb_row][\/et_pb_section][et_pb_section fb_built=&#8221;1&#8243; disabled_on=&#8221;off|off|off&#8221; _builder_version=&#8221;4.27.4&#8243; _module_preset=&#8221;default&#8221; background_color=&#8221;#011738&#8243; global_colors_info=&#8221;{}&#8221;][et_pb_row column_structure=&#8221;1_2,1_2&#8243; _builder_version=&#8221;4.16&#8243; _module_preset=&#8221;default&#8221; global_colors_info=&#8221;{}&#8221;][et_pb_column type=&#8221;1_2&#8243; _builder_version=&#8221;4.16&#8243; _module_preset=&#8221;default&#8221; global_colors_info=&#8221;{}&#8221;][et_pb_video src=&#8221;https:\/\/yovedenateljeekoti.net\/wp-content\/uploads\/2025\/01\/taiteilijan-talossa-v.2.m4v.mp4&#8243; image_src=&#8221;https:\/\/yovedenateljeekoti.net\/wp-content\/uploads\/2018\/12\/Talo.jpg&#8221; play_icon_color=&#8221;#FFFFFF&#8221; use_icon_font_size=&#8221;on&#8221; icon_font_size=&#8221;44px&#8221; _builder_version=&#8221;4.27.4&#8243; _module_preset=&#8221;default&#8221; global_colors_info=&#8221;{}&#8221;][\/et_pb_video][et_pb_text _builder_version=&#8221;4.20.4&#8243; _module_preset=&#8221;default&#8221; text_font=&#8221;|600|||||||&#8221; text_text_color=&#8221;#FFFFFF&#8221; text_letter_spacing=&#8221;1px&#8221; text_line_height=&#8221;1.5em&#8221; text_orientation=&#8221;center&#8221; custom_margin=&#8221;|5%|8.8%|5%||&#8221; custom_padding=&#8221;30px|||||&#8221; global_colors_info=&#8221;{}&#8221;]<\/p>\n<p>Pala sielunmaisemaa. Siell\u00e4 miss\u00e4 taiteilijat asuvat. Videoteos: Katja Antonoff<\/p>\n<p>[\/et_pb_text][\/et_pb_column][et_pb_column type=&#8221;1_2&#8243; _builder_version=&#8221;4.16&#8243; _module_preset=&#8221;default&#8221; global_colors_info=&#8221;{}&#8221;][et_pb_video src=&#8221;https:\/\/yovedenateljeekoti.net\/wp-content\/uploads\/2025\/01\/Taiteilija-Katja-Antonoff-V.2.m4v-2.mp4&#8243; image_src=&#8221;https:\/\/yovedenateljeekoti.net\/wp-content\/uploads\/2021\/10\/DSC07021.jpg&#8221; play_icon_color=&#8221;#FFFFFF&#8221; use_icon_font_size=&#8221;on&#8221; icon_font_size=&#8221;44px&#8221; _builder_version=&#8221;4.27.4&#8243; _module_preset=&#8221;default&#8221; global_colors_info=&#8221;{}&#8221;][\/et_pb_video][et_pb_text _builder_version=&#8221;4.20.4&#8243; _module_preset=&#8221;default&#8221; text_font=&#8221;|600|||||||&#8221; text_text_color=&#8221;#FFFFFF&#8221; text_letter_spacing=&#8221;1px&#8221; text_line_height=&#8221;1.5em&#8221; text_orientation=&#8221;center&#8221; custom_margin=&#8221;|5%|8.8%|5%||&#8221; custom_padding=&#8221;30px|||||&#8221; global_colors_info=&#8221;{}&#8221;]<\/p>\n<p>Henkil\u00f6kuva, haastattelussa Katja Antonoff.<br \/>Eslon Productions 2021<\/p>\n<p>[\/et_pb_text][\/et_pb_column][\/et_pb_row][\/et_pb_section][et_pb_section fb_built=&#8221;1&#8243; _builder_version=&#8221;4.16&#8243; _module_preset=&#8221;default&#8221; background_image=&#8221;https:\/\/yovedenateljeekoti.net\/wp-content\/uploads\/2021\/08\/katja-maalaa.jpg&#8221; parallax=&#8221;on&#8221; parallax_method=&#8221;off&#8221; custom_padding=&#8221;105px||191px|||&#8221; box_shadow_style=&#8221;preset1&#8243; global_colors_info=&#8221;{}&#8221;][et_pb_row column_structure=&#8221;1_2,1_2&#8243; _builder_version=&#8221;4.16&#8243; _module_preset=&#8221;default&#8221; global_colors_info=&#8221;{}&#8221;][et_pb_column type=&#8221;1_2&#8243; _builder_version=&#8221;4.16&#8243; _module_preset=&#8221;default&#8221; global_colors_info=&#8221;{}&#8221;][\/et_pb_column][et_pb_column type=&#8221;1_2&#8243; _builder_version=&#8221;4.16&#8243; _module_preset=&#8221;default&#8221; global_colors_info=&#8221;{}&#8221;][\/et_pb_column][\/et_pb_row][\/et_pb_section][et_pb_section fb_built=&#8221;1&#8243; _builder_version=&#8221;4.16&#8243; _module_preset=&#8221;default&#8221; background_color=&#8221;#f9f5f0&#8243; custom_padding=&#8221;42px||27px|||&#8221; global_colors_info=&#8221;{}&#8221;][et_pb_row column_structure=&#8221;1_2,1_2&#8243; use_custom_gutter=&#8221;on&#8221; gutter_width=&#8221;1&#8243; _builder_version=&#8221;4.16&#8243; _module_preset=&#8221;default&#8221; width=&#8221;93%&#8221; max_width=&#8221;1286px&#8221; custom_margin=&#8221;|auto|44px|auto||&#8221; custom_padding=&#8221;||9px|||&#8221; global_colors_info=&#8221;{}&#8221;][et_pb_column type=&#8221;1_2&#8243; _builder_version=&#8221;4.16&#8243; _module_preset=&#8221;default&#8221; global_colors_info=&#8221;{}&#8221;][et_pb_image src=&#8221;https:\/\/yovedenateljeekoti.net\/wp-content\/uploads\/2023\/04\/YovedenAteljee_2023_kuva_Pihla_Liukkonen_Kontrastia-94-1.jpg&#8221; title_text=&#8221;Taiteilija-Katja-Antonoff&#8221; align=&#8221;center&#8221; _builder_version=&#8221;4.20.4&#8243; _module_preset=&#8221;default&#8221; width=&#8221;55%&#8221; box_shadow_style=&#8221;preset1&#8243; global_colors_info=&#8221;{}&#8221;][\/et_pb_image][\/et_pb_column][et_pb_column type=&#8221;1_2&#8243; _builder_version=&#8221;4.16&#8243; _module_preset=&#8221;default&#8221; global_colors_info=&#8221;{}&#8221;][et_pb_gallery gallery_ids=&#8221;53394&#8243; posts_number=&#8221;8&#8243; show_title_and_caption=&#8221;off&#8221; show_pagination=&#8221;off&#8221; zoom_icon_color=&#8221;rgba(216,216,216,0.02)&#8221; hover_overlay_color=&#8221;rgba(63,0,127,0.27)&#8221; _builder_version=&#8221;4.16&#8243; global_colors_info=&#8221;{}&#8221;][\/et_pb_gallery][et_pb_text _builder_version=&#8221;4.20.4&#8243; _module_preset=&#8221;default&#8221; text_font=&#8221;Lora||||||||&#8221; text_text_color=&#8221;gcid-12af393f-0593-446a-b68b-8d1fa350dd3c&#8221; text_font_size=&#8221;18px&#8221; text_line_height=&#8221;1.8em&#8221; link_text_color=&#8221;gcid-36327d4f-cddb-4d64-abde-15130ec6dcaa&#8221; header_font=&#8221;Playfair Display||||||||&#8221; header_text_color=&#8221;gcid-12af393f-0593-446a-b68b-8d1fa350dd3c&#8221; header_line_height=&#8221;1.6em&#8221; text_orientation=&#8221;center&#8221; custom_margin=&#8221;||27px|||&#8221; custom_padding=&#8221;|9%||9%|false|true&#8221; text_font_size_tablet=&#8221;20px&#8221; text_font_size_phone=&#8221;17px&#8221; text_font_size_last_edited=&#8221;on|phone&#8221; global_colors_info=&#8221;{%22gcid-36327d4f-cddb-4d64-abde-15130ec6dcaa%22:%91%22link_text_color%22%93,%22gcid-12af393f-0593-446a-b68b-8d1fa350dd3c%22:%91%22text_text_color%22,%22header_text_color%22%93}&#8221;]<\/p>\n<p>Y\u00f6veden Ateljeekoti Saimaan rannalla on sielunmaisemani. Taiteen tekemiseen tarvitsen hiljaisuutta &#8211; syvennyn syntyv\u00e4\u00e4n teokseen.<\/p>\n<p>Olen akvarelli- ja temperamaalari sek\u00e4 kuvanveist\u00e4j\u00e4.<br \/>Suhteeni akvarelliin alkoi yli kaksikymment\u00e4viisi vuotta sitten. Akvarellissa minua kiehtoo sen arvoituksellisuus. Syntyv\u00e4\u00e4 kuvaa voi hienovaraisesti ohjailla, mutta ei pakottaa mihink\u00e4\u00e4n suuntaan. Maalatessani en tunne ty\u00f6skentelev\u00e4ni yksin, maalaaminen on keskustelua veden ja v\u00e4rin, akvarellin kanssa.<\/p>\n<p>Maalaan my\u00f6s temperalla. Kuten akvarellissa, sen luonteessa on jotain kesyt\u00f6nt\u00e4, joka maalarin on hyv\u00e4ksytt\u00e4v\u00e4, voidakseen el\u00e4\u00e4 sen kanssa. Kuvanveiston kanssa on toisin, aloittaessani tied\u00e4n aina mihin pyrin, materiaali on valittava sen mukaan.<\/p>\n<p>[\/et_pb_text][et_pb_button button_url=&#8221;https:\/\/yovedenateljeekoti.net\/yhteystiedot\/&#8221; button_text=&#8221;Ota Yhteytt\u00e4&#8221; button_alignment=&#8221;center&#8221; _builder_version=&#8221;4.27.4&#8243; _module_preset=&#8221;default&#8221; custom_button=&#8221;on&#8221; button_text_size=&#8221;18px&#8221; button_text_color=&#8221;#FFFFFF&#8221; button_bg_color=&#8221;gcid-12af393f-0593-446a-b68b-8d1fa350dd3c&#8221; button_border_width=&#8221;10px&#8221; button_border_color=&#8221;gcid-12af393f-0593-446a-b68b-8d1fa350dd3c&#8221; button_border_radius=&#8221;37px&#8221; button_letter_spacing=&#8221;3px&#8221; button_font=&#8221;Lora|700||on|||||&#8221; button_use_icon=&#8221;off&#8221; custom_margin=&#8221;||12%||false|false&#8221; global_colors_info=&#8221;{%22gcid-12af393f-0593-446a-b68b-8d1fa350dd3c%22:%91%22button_bg_color%22,%22button_border_color%22%93}&#8221;][\/et_pb_button][\/et_pb_column][\/et_pb_row][\/et_pb_section][et_pb_section fb_built=&#8221;1&#8243; _builder_version=&#8221;4.27.4&#8243; _module_preset=&#8221;default&#8221; background_image=&#8221;https:\/\/yovedenateljeekoti.net\/wp-content\/uploads\/2018\/12\/DSC09802.for_.web_.jpg&#8221; custom_padding=&#8221;91px||203px|||&#8221; box_shadow_style=&#8221;preset1&#8243; global_colors_info=&#8221;{}&#8221;][\/et_pb_section][et_pb_section fb_built=&#8221;1&#8243; module_id=&#8221;CV&#8221; _builder_version=&#8221;4.16&#8243; background_color=&#8221;rgba(0,0,0,0.04)&#8221; global_colors_info=&#8221;{}&#8221;][et_pb_row column_structure=&#8221;1_2,1_2&#8243; _builder_version=&#8221;4.27.4&#8243; custom_padding=&#8221;||15%||false|false&#8221; global_colors_info=&#8221;{}&#8221;][et_pb_column type=&#8221;1_2&#8243; _builder_version=&#8221;4.16&#8243; custom_padding=&#8221;|||&#8221; global_colors_info=&#8221;{}&#8221; custom_padding__hover=&#8221;|||&#8221;][et_pb_text _builder_version=&#8221;4.27.4&#8243; text_font=&#8221;Lora||||||||&#8221; text_text_color=&#8221;gcid-12af393f-0593-446a-b68b-8d1fa350dd3c&#8221; text_line_height=&#8221;1.8em&#8221; link_text_color=&#8221;gcid-36327d4f-cddb-4d64-abde-15130ec6dcaa&#8221; header_font=&#8221;Playfair Display||||||||&#8221; header_text_color=&#8221;gcid-12af393f-0593-446a-b68b-8d1fa350dd3c&#8221; header_line_height=&#8221;1.6em&#8221; text_orientation=&#8221;center&#8221; custom_margin=&#8221;||27px|||&#8221; custom_padding=&#8221;|0.7%||0.7%|false|true&#8221; text_font_size_tablet=&#8221;20px&#8221; text_font_size_phone=&#8221;17px&#8221; text_font_size_last_edited=&#8221;on|phone&#8221; global_colors_info=&#8221;{%22gcid-36327d4f-cddb-4d64-abde-15130ec6dcaa%22:%91%22link_text_color%22%93,%22gcid-12af393f-0593-446a-b68b-8d1fa350dd3c%22:%91%22text_text_color%22,%22header_text_color%22%93}&#8221;]<\/p>\n<p style=\"text-align: left;\"><strong>ANSIOLUETTELO<\/strong><\/p>\n<p style=\"text-align: left;\"><strong>\u00a0<\/strong><\/p>\n<p style=\"text-align: left;\">Katja Antonoff, Mikkeli.<br \/>www.yovedenateljeekoti.net<\/p>\n<p style=\"text-align: left;\">\n<p style=\"text-align: left;\"><strong>Koulutus<\/strong><\/p>\n<ul>\n<li style=\"text-align: left;\">Media- ja kulttuurialan yritt\u00e4jyyden ylempi ammattikorkeakoulututkinto 2021\u20132023, Turun ammattikorkeakoulu<\/li>\n<li style=\"text-align: left;\">Ammatillisen opettajan pedagogiset opinnot, H\u00e4meen ammattikorkeakoulu, 2017<\/li>\n<li style=\"text-align: left;\">Kuvataiteilija, Satakunnan Ammattikorkeakoulun kuvataiteen koulutusohjelma, Kankaanp\u00e4\u00e4 2002\u20132006<\/li>\n<\/ul>\n<ul style=\"text-align: left;\">\n<li>Vaatetusalan artenomi, Heinolan k\u00e4si- ja taideteollisuus oppilaitos 1998\u20132002<\/li>\n<li>Ylioppilas, T\u00f6\u00f6l\u00f6n yhteiskoulun aikuislukio, 1996<\/li>\n<\/ul>\n<p style=\"text-align: left;\"><strong>\u00a0<\/strong><\/p>\n<p style=\"text-align: left;\"><strong>Yksityisn\u00e4yttelyt<\/strong><\/p>\n<p style=\"text-align: left;\"><strong>\u00a0<\/strong><\/p>\n<p style=\"text-align: left;\">2022<strong>\u00a0\u00a0\u00a0\u00a0\u00a0\u00a0\u00a0\u00a0\u00a0\u00a0\u00a0\u00a0\u00a0 <\/strong>Hyvink\u00e4\u00e4n taidekilta ry ja Hyvink\u00e4\u00e4n taiteilijaseuta ry, vuoden taiteilija 2022, 19.2.-9.3.2022<\/p>\n<p style=\"text-align: left;\">2019\u00a0\u00a0\u00a0\u00a0\u00a0\u00a0\u00a0\u00a0\u00a0\u00a0\u00a0\u00a0\u00a0 Promenadigalleria, \u201dPime\u00e4n ja valon maa\u201d, Hyvink\u00e4\u00e4<\/p>\n<p style=\"text-align: left;\">2016\u00a0\u00a0\u00a0\u00a0\u00a0\u00a0\u00a0\u00a0\u00a0\u00a0\u00a0\u00a0\u00a0 Galleria Becker, Jyv\u00e4skyl\u00e4<\/p>\n<p style=\"text-align: left;\">2016\u00a0\u00a0\u00a0\u00a0\u00a0\u00a0\u00a0\u00a0\u00a0\u00a0\u00a0\u00a0\u00a0 Galleria Ars Nova, Savonlinna<\/p>\n<p style=\"text-align: left;\">2015\u00a0\u00a0\u00a0\u00a0\u00a0\u00a0\u00a0\u00a0\u00a0\u00a0\u00a0\u00a0\u00a0 Promenadigalleria, Hyvink\u00e4\u00e4<\/p>\n<p style=\"text-align: left;\">2011\u00a0\u00a0\u00a0\u00a0\u00a0\u00a0\u00a0\u00a0\u00a0\u00a0\u00a0\u00a0\u00a0 GalleriaKONE, \u201dtuulessa ihmisen pes\u00e4\u201d H\u00e4meenlinna<\/p>\n<p style=\"text-align: left;\">2010\u00a0\u00a0\u00a0\u00a0\u00a0\u00a0\u00a0\u00a0\u00a0\u00a0\u00a0\u00a0\u00a0 Porvoon Taidehalli, Porvoo<\/p>\n<p style=\"text-align: left;\">2010\u00a0\u00a0\u00a0\u00a0\u00a0\u00a0\u00a0\u00a0\u00a0\u00a0\u00a0\u00a0\u00a0 Galleria Uuden Kipin\u00e4n Kulma, Lahti<\/p>\n<p style=\"text-align: left;\">2009 \u00a0\u00a0\u00a0\u00a0\u00a0\u00a0\u00a0\u00a0\u00a0\u00a0\u00a0\u00a0 S-Galleria, Helsinki<\/p>\n<p style=\"text-align: left;\">2007 \u00a0\u00a0\u00a0\u00a0\u00a0\u00a0\u00a0\u00a0\u00a0\u00a0\u00a0\u00a0 Promenadigalleria, Hyvink\u00e4\u00e4<\/p>\n<p style=\"text-align: left;\">2006 \u00a0\u00a0\u00a0\u00a0\u00a0\u00a0\u00a0\u00a0\u00a0\u00a0\u00a0\u00a0 Ateljee Bar, Sokos Hotel Torni, Helsinki<\/p>\n<p style=\"text-align: left;\">2006\u00a0\u00a0\u00a0\u00a0\u00a0\u00a0\u00a0\u00a0\u00a0\u00a0\u00a0\u00a0\u00a0 Poriginal galleria, Porin Saskioiden stipendiaattin\u00e4yttely, Pori<\/p>\n<p style=\"text-align: left;\"><strong>\u00a0<\/strong><\/p>\n<p style=\"text-align: left;\"><strong>Ryhm\u00e4n\u00e4yttelyt<\/strong><\/p>\n<p style=\"text-align: left;\"><strong>\u00a0<\/strong><\/p>\n<p style=\"text-align: left;\">2019\u00a0\u00a0\u00a0\u00a0\u00a0\u00a0\u00a0\u00a0\u00a0\u00a0\u00a0\u00a0\u00a0 60\/90 Taidemaalariliiton 90v. juhlaviikot n\u00e4yttely, Hyvink\u00e4\u00e4n Taiteilijaseuran Promenadigalleriassa, jurytt\u00e4nyt Hannu Hyrske, Hyvink\u00e4\u00e4<\/p>\n<p style=\"text-align: left;\">2018\u00a0\u00a0\u00a0\u00a0\u00a0\u00a0\u00a0\u00a0\u00a0\u00a0\u00a0\u00a0\u00a0 60-NYT, Hyvink\u00e4\u00e4n taiteilijaseuran 60-vuotis juhlan\u00e4yttely, (kuraattorina Katariina Salmij\u00e4rvi) Hyvink\u00e4\u00e4n Taidemuseo<\/p>\n<p style=\"text-align: left;\">2018\u00a0\u00a0\u00a0\u00a0\u00a0\u00a0\u00a0\u00a0\u00a0\u00a0\u00a0\u00a0\u00a0 Fauna-Hyvink\u00e4\u00e4n taiteilijaseuran jurytetty (Merja Ilola) 60-v juhlan\u00e4yttely Riihim\u00e4en mets\u00e4stysmuseo<\/p>\n<p style=\"text-align: left;\">2017\u00a0\u00a0\u00a0\u00a0\u00a0\u00a0\u00a0\u00a0\u00a0\u00a0\u00a0\u00a0\u00a0 RytmiTaju 2017, (kuraattoreina teatteritaiteen tohtori Pia Houni ja kuvanveist\u00e4j\u00e4 Krister Gr\u00e5hn) Hyvink\u00e4\u00e4n Taidemuseo<\/p>\n<p style=\"text-align: left;\">2014\u00a0\u00a0\u00a0\u00a0\u00a0\u00a0\u00a0\u00a0\u00a0\u00a0\u00a0\u00a0\u00a0 \u201dMuodonmuutos\u201d, Hovinkartanon taidekeskus, Hauho<\/p>\n<p style=\"text-align: left;\">2013-2016\u00a0\u00a0\u00a0\u00a0 Palas-taidepolku, ymp\u00e4rist\u00f6taiden\u00e4yttely, Palopuro, Hyvink\u00e4\u00e4<\/p>\n<p style=\"text-align: left;\">2011\u00a0\u00a0\u00a0\u00a0\u00a0\u00a0\u00a0\u00a0\u00a0\u00a0\u00a0\u00a0\u00a0 SKjL:n \u201dUNIKUVIA\u201d n\u00e4yttely, Saarij\u00e4rven museo, Saarij\u00e4rvi<\/p>\n<p style=\"text-align: left;\">2011\u00a0\u00a0\u00a0\u00a0\u00a0\u00a0\u00a0\u00a0\u00a0\u00a0\u00a0\u00a0\u00a0 Helsingin taiteilijaseuran biennaali 2009 ja 2011<\/p>\n<p style=\"text-align: left;\">2010\u00a0\u00a0\u00a0\u00a0\u00a0\u00a0\u00a0\u00a0\u00a0\u00a0\u00a0\u00a0\u00a0 \u201dMuodonmuutoksia\u201d, Kivinokan ymp\u00e4rist\u00f6taiden\u00e4yttely, Helsinki<\/p>\n<p style=\"text-align: left;\">2008 \u00a0\u00a0\u00a0\u00a0\u00a0\u00a0\u00a0\u00a0\u00a0\u00a0\u00a0\u00a0 Tampereen taiteilijaseuran \u201dRajaton rakkaus\u201d Galerie Kritiku, Praha<\/p>\n<p style=\"text-align: left;\">\n<p style=\"text-align: left;\"><strong>Yhteisn\u00e4yttelyt<\/strong><\/p>\n<p style=\"text-align: left;\"><strong>\u00a0<\/strong><\/p>\n<p style=\"text-align: left;\">2021\u00a0\u00a0\u00a0\u00a0\u00a0\u00a0\u00a0\u00a0\u00a0\u00a0\u00a0\u00a0\u00a0 NAISEN ASENTO, Promenadigalleria (Katja Antonoff, Pia Autero, Pia Houni, Katri Oikarinen), Hyvink\u00e4\u00e4<\/p>\n<p style=\"text-align: left;\">2017\u00a0\u00a0\u00a0\u00a0\u00a0\u00a0\u00a0\u00a0\u00a0\u00a0\u00a0\u00a0\u00a0 \u201dMAAILMOJA\u201d, Promenadigalleria (yhdess\u00e4 Katri Oikarisen), Hyvink\u00e4\u00e4<\/p>\n<p style=\"text-align: left;\">2015\u00a0\u00a0\u00a0\u00a0\u00a0\u00a0\u00a0\u00a0\u00a0\u00a0\u00a0\u00a0\u00a0 Kulttuurimakasiini Victor (yhdess\u00e4 Pekka Vehvil\u00e4isen kanssa), Hanko<\/p>\n<p style=\"text-align: left;\">2008 \u00a0\u00a0\u00a0\u00a0\u00a0\u00a0\u00a0\u00a0\u00a0\u00a0\u00a0\u00a0 Sein\u00e4joen Taidehalli, n\u00e4yttelysalit (yhdess\u00e4 Maija Hopeavuoren kanssa), Sein\u00e4joki<\/p>\n<p style=\"text-align: left;\">2006\u00a0\u00a0\u00a0\u00a0\u00a0\u00a0\u00a0\u00a0\u00a0\u00a0\u00a0\u00a0\u00a0 Poriginal galleria, Porin Saskioiden stipendiaattin\u00e4yttely (yhdess\u00e4 Marko Lampisuon kanssa), Pori<\/p>\n<p style=\"text-align: left;\">\n<p style=\"text-align: left;\"><strong>\u00a0<\/strong><\/p>\n<p style=\"text-align: left;\"><strong>\u00a0<\/strong><\/p>\n<p style=\"text-align: left;\"><strong>\u00a0<\/strong><\/p>\n<p style=\"text-align: left;\"><strong>Julkiset teokset<\/strong><\/p>\n<p style=\"text-align: left;\"><strong>\u00a0<\/strong><\/p>\n<p style=\"text-align: left;\">2017\u00a0\u00a0\u00a0\u00a0\u00a0\u00a0\u00a0\u00a0\u00a0\u00a0\u00a0\u00a0\u00a0 \u201dIhmisen puutarha\u201d, betoninen ymp\u00e4rist\u00f6taideteos (Katri Oikarisen kanssa), toteutettu osana RytmiTaju 2017 n\u00e4yttely\u00e4, Promenadigallerian piha, Hyvink\u00e4\u00e4<\/p>\n<p style=\"text-align: left;\"><strong>\u00a0<\/strong><\/p>\n<p style=\"text-align: left;\">2007 \u00a0\u00a0\u00a0\u00a0\u00a0\u00a0\u00a0\u00a0\u00a0\u00a0\u00a0\u00a0 &#8221;Se t\u00e4ytti ne vedell\u00e4&#8221;, betoninen ymp\u00e4rist\u00f6taideteos, Aitoon kotitalousoppilaitoksen piha, P\u00e4lk\u00e4neen kunnan tilaama ja omistuksessa.<\/p>\n<p style=\"text-align: left;\">\n<p style=\"text-align: left;\">2005\u00a0\u00a0\u00a0\u00a0\u00a0\u00a0\u00a0\u00a0\u00a0\u00a0\u00a0\u00a0\u00a0 &#8221;Olis asiaa&#8221;, 12-osainen pronssinen tilataideteos, Satakunnan Ammattikorkeakoulun Porin sosiaali- ja terveysalan oppilaitoksen lis\u00e4rakennuksen ala-aula, Porin kaupungin taideteoksen suunnittelukilpailun perusteella tilaama, Pori.<\/p>\n<p style=\"text-align: left;\"><strong>\u00a0<\/strong><\/p>\n<p style=\"text-align: left;\"><strong>\u00a0<\/strong><\/p>\n<p style=\"text-align: left;\"><strong>\u00a0<\/strong><\/p>\n<p style=\"text-align: left;\"><strong>\u00a0<\/strong><\/p>\n<p style=\"text-align: left;\"><strong>Stipendit ja apurahat<\/strong><\/p>\n<p style=\"text-align: left;\">\n<p style=\"text-align: left;\">Taiken korona-avustus toiminimelle 2021, 8000 \u20ac<\/p>\n<p style=\"text-align: left;\">Hyvink\u00e4\u00e4n kaupunki 2015, 2017, 2019, 2020, 2021<\/p>\n<p style=\"text-align: left;\">Suomen kulttuurirahasto, P\u00e4ij\u00e4t-H\u00e4meen rahasto, 2010<\/p>\n<p style=\"text-align: left;\">Tampereen Taiteilijaseura, Alli ja Allan Salon erillisrahaston stipendi, 2008<\/p>\n<p style=\"text-align: left;\">Porin Saskioiden n\u00e4yttelystipendi, 2006<\/p>\n<p style=\"text-align: left;\">V\u00e4kev\u00e4 Maa taideyhdistyksen stipendi, 2006<\/p>\n<p style=\"text-align: left;\"><strong>\u00a0<\/strong><\/p>\n<p style=\"text-align: left;\"><strong>Teoksia kokoelmissa<\/strong><\/p>\n<p style=\"text-align: left;\"><strong>\u00a0<\/strong><\/p>\n<ul style=\"text-align: left;\">\n<li>Keuruun taidemuseon kokoelmat, Keuruu<\/li>\n<li>Porin kaupunki<\/li>\n<li>Sokos Hotel Torni, Helsinki<\/li>\n<li>P\u00e4lk\u00e4neen kunta<\/li>\n<\/ul>\n<p style=\"text-align: left;\">\n<p style=\"text-align: left;\"><strong>J\u00e4senyydet<\/strong><\/p>\n<p style=\"text-align: left;\"><strong>\u00a0<\/strong><\/p>\n<ul style=\"text-align: left;\">\n<li>Taidemaalariliitto<\/li>\n<li>Helsingin Taiteilijaseura<\/li>\n<li>Hyvink\u00e4\u00e4n Taiteilijaseura<\/li>\n<li>Suomen akvarellitaiteen yhdistys<\/li>\n<\/ul>\n<p style=\"text-align: left;\">\n<p style=\"text-align: left;\"><strong>Opetusty\u00f6<\/strong><\/p>\n<ul style=\"text-align: left;\">\n<li>Y\u00f6veden Ateljeekodin (Ristiina) yritt\u00e4j\u00e4 sek\u00e4 akvarelli- ja temperamaalauksen opettaja vuodesta 2016 alkaen<\/li>\n<li>Helsingin yliopiston henkil\u00f6kunnan taidekerhon Hyartin opettaja vuodesta 2021 alkaen<\/li>\n<\/ul>\n<p style=\"text-align: left;\">\n<p style=\"text-align: left;\"><strong>\u00a0\u00a0\u00a0\u00a0\u00a0\u00a0\u00a0\u00a0\u00a0\u00a0\u00a0\u00a0\u00a0\u00a0\u00a0\u00a0\u00a0\u00a0\u00a0\u00a0\u00a0\u00a0\u00a0\u00a0\u00a0\u00a0\u00a0\u00a0 <\/strong><\/p>\n<p class=\"p1\" style=\"text-align: left;\">\n<p>[\/et_pb_text][\/et_pb_column][et_pb_column type=&#8221;1_2&#8243; _builder_version=&#8221;4.16&#8243; custom_padding=&#8221;|||&#8221; global_colors_info=&#8221;{}&#8221; custom_padding__hover=&#8221;|||&#8221;][et_pb_text _builder_version=&#8221;4.27.4&#8243; text_font=&#8221;Lora||||||||&#8221; text_text_color=&#8221;gcid-12af393f-0593-446a-b68b-8d1fa350dd3c&#8221; text_line_height=&#8221;1.8em&#8221; link_text_color=&#8221;gcid-36327d4f-cddb-4d64-abde-15130ec6dcaa&#8221; header_font=&#8221;Playfair Display||||||||&#8221; header_text_color=&#8221;gcid-12af393f-0593-446a-b68b-8d1fa350dd3c&#8221; header_line_height=&#8221;1.6em&#8221; text_orientation=&#8221;center&#8221; custom_margin=&#8221;||27px|||&#8221; custom_padding=&#8221;|0.7%||0.7%|false|true&#8221; text_font_size_tablet=&#8221;20px&#8221; text_font_size_phone=&#8221;17px&#8221; text_font_size_last_edited=&#8221;on|phone&#8221; global_colors_info=&#8221;{%22gcid-36327d4f-cddb-4d64-abde-15130ec6dcaa%22:%91%22link_text_color%22%93,%22gcid-12af393f-0593-446a-b68b-8d1fa350dd3c%22:%91%22text_text_color%22,%22header_text_color%22%93}&#8221;]<\/p>\n<p class=\"p1\" style=\"text-align: left;\"><b>Julkiset teokset<\/b><\/p>\n<p class=\"p2\" style=\"text-align: left;\"><b><\/b><\/p>\n<p class=\"p1\" style=\"text-align: left;\">2017<span class=\"Apple-tab-span\"> <\/span>\u201dIhmisen puutarha\u201d, betoninen ymp\u00e4rist\u00f6taideteos (Katri Oikarisen kanssa), Promenadigallerian piha, Hyvink\u00e4\u00e4<\/p>\n<p class=\"p1\" style=\"text-align: left;\">2007 <span class=\"Apple-tab-span\"> <\/span>&#8221;Se t\u00e4ytti ne vedell\u00e4&#8221;, betoninen ymp\u00e4rist\u00f6taideteos, Aitoon kotitalousoppilaitoksen piha, P\u00e4lk\u00e4neen kunnan omistuksessa.<\/p>\n<p class=\"p1\" style=\"text-align: left;\">2005<span class=\"Apple-tab-span\"> <\/span>&#8221;Olis asiaa&#8221;, 12-osainen pronssinen tilataideteos, Satakunnan Ammattikorkeakoulun Porin sosiaali- ja terveysalan oppilaitoksen lis\u00e4rakennuksen ala-aula, Pori.<\/p>\n<p class=\"p2\" style=\"text-align: left;\"><b><\/b><\/p>\n<p class=\"p1\" style=\"text-align: left;\"><b>Stipendit ja apurahat<\/b><\/p>\n<p class=\"p1\" style=\"text-align: left;\">Hyvink\u00e4\u00e4n kaupunki 2015, 2017, 2019<\/p>\n<p class=\"p1\" style=\"text-align: left;\">Suomen kulttuurirahasto, P\u00e4ij\u00e4t-H\u00e4meen rahasto, 2010<\/p>\n<p class=\"p1\" style=\"text-align: left;\">Tampereen Taiteilijaseura, Alli ja Allan Salon erillisrahaston stipendi, 2008<\/p>\n<p class=\"p1\" style=\"text-align: left;\">Porin Saskioiden n\u00e4yttelystipendi, 2006<\/p>\n<p class=\"p1\" style=\"text-align: left;\">V\u00e4kev\u00e4 Maa taideyhdistyksen stipendi, 2006<\/p>\n<p class=\"p2\" style=\"text-align: left;\"><b><\/b><\/p>\n<p class=\"p1\" style=\"text-align: left;\"><b>Teoksia kokoelmissa<\/b><\/p>\n<p class=\"p2\" style=\"text-align: left;\"><b><\/b><\/p>\n<ul class=\"ul1\" style=\"text-align: left;\">\n<li class=\"li1\"><span class=\"s1\"><\/span>Keuruun taidemuseon kokoelmat, Keuruu<\/li>\n<li class=\"li1\"><span class=\"s1\"><\/span>Porin kaupunki<\/li>\n<li class=\"li1\"><span class=\"s1\"><\/span>Sokos Hotel Torni, Helsinki<\/li>\n<li class=\"li1\"><span class=\"s1\"><\/span>P\u00e4lk\u00e4neen kunta<\/li>\n<\/ul>\n<p class=\"p1\" style=\"text-align: left;\"><b>J\u00e4senyydet<\/b><\/p>\n<p class=\"p2\" style=\"text-align: left;\"><b><\/b><\/p>\n<ul class=\"ul1\">\n<li class=\"li1\" style=\"text-align: left;\"><span class=\"s1\"><\/span>Taidemaalariliitto<\/li>\n<li class=\"li1\" style=\"text-align: left;\"><span class=\"s1\"><\/span>Helsingin Taiteilijaseura<\/li>\n<li class=\"li1\" style=\"text-align: left;\"><span class=\"s1\"><\/span>Hyvink\u00e4\u00e4n Taiteilijaseura<\/li>\n<li class=\"li1\" style=\"text-align: left;\"><span class=\"s1\"><\/span>Suomen akvarellitaiteen yhdistys<\/li>\n<\/ul>\n<p>[\/et_pb_text][\/et_pb_column][\/et_pb_row][\/et_pb_section][et_pb_section fb_built=&#8221;1&#8243; _builder_version=&#8221;4.27.4&#8243; _module_preset=&#8221;default&#8221; background_color=&#8221;gcid-12af393f-0593-446a-b68b-8d1fa350dd3c&#8221; global_module=&#8221;55844&#8243; saved_tabs=&#8221;all&#8221; global_colors_info=&#8221;{%22gcid-12af393f-0593-446a-b68b-8d1fa350dd3c%22:%91%22background_color%22%93}&#8221;][et_pb_row _builder_version=&#8221;4.27.4&#8243; _module_preset=&#8221;default&#8221; global_colors_info=&#8221;{}&#8221;][et_pb_column type=&#8221;4_4&#8243; _builder_version=&#8221;4.27.4&#8243; _module_preset=&#8221;default&#8221; global_colors_info=&#8221;{}&#8221;][et_pb_image src=&#8221;https:\/\/yovedenateljeekoti.net\/wp-content\/uploads\/2023\/04\/ateljeekotilogo_2023_dark.png&#8221; title_text=&#8221;ateljeekotilogo_2023_dark&#8221; align=&#8221;center&#8221; _builder_version=&#8221;4.27.4&#8243; _module_preset=&#8221;default&#8221; custom_margin=&#8221;-32%||30px||false|false&#8221; custom_margin_tablet=&#8221;&#8221; custom_margin_phone=&#8221;-74%||||false|false&#8221; custom_margin_last_edited=&#8221;on|phone&#8221; global_colors_info=&#8221;{}&#8221;][\/et_pb_image][\/et_pb_column][\/et_pb_row][et_pb_row column_structure=&#8221;1_3,1_3,1_3&#8243; _builder_version=&#8221;4.27.4&#8243; width=&#8221;100%&#8221; max_width=&#8221;2218px&#8221; custom_padding=&#8221;0px|5%||8%|false|false&#8221; locked=&#8221;off&#8221; global_colors_info=&#8221;{}&#8221;][et_pb_column type=&#8221;1_3&#8243; _builder_version=&#8221;4.16&#8243; custom_padding=&#8221;|||&#8221; global_colors_info=&#8221;{}&#8221; custom_padding__hover=&#8221;|||&#8221;][et_pb_text _builder_version=&#8221;4.27.4&#8243; text_font=&#8221;Lora||||||||&#8221; text_text_color=&#8221;#FFFFFF&#8221; text_font_size=&#8221;18px&#8221; text_line_height=&#8221;1.8em&#8221; link_text_color=&#8221;gcid-36327d4f-cddb-4d64-abde-15130ec6dcaa&#8221; text_orientation=&#8221;center&#8221; custom_margin=&#8221;||27px|||&#8221; custom_padding=&#8221;|||9%|false|false&#8221; text_font_size_tablet=&#8221;20px&#8221; text_font_size_phone=&#8221;17px&#8221; text_font_size_last_edited=&#8221;on|phone&#8221; global_colors_info=&#8221;{%22gcid-36327d4f-cddb-4d64-abde-15130ec6dcaa%22:%91%22link_text_color%22%93}&#8221;]<\/p>\n<p style=\"text-align: left;\">YHTEYS<\/p>\n<p style=\"text-align: left;\"><a href=\"mailto:ateljeekoti@katjaantonoff.net\">ateljeekoti@katjaantonoff.net<\/a><br \/>Majoitusvaraukset: <a href=\"https:\/\/www.airbnb.fi\/rooms\/31169091?guests=1&amp;adults=1&amp;s=67&amp;unique_share_id=81881805-aad5-4cf1-9e79-f5e0a5ce1b09\">airbnb\u00a0<\/a><\/p>\n<p>[\/et_pb_text][et_pb_social_media_follow _builder_version=&#8221;4.27.4&#8243; _module_preset=&#8221;default&#8221; text_orientation=&#8221;left&#8221; custom_margin=&#8221;||6px|||&#8221; custom_padding=&#8221;||13px|9%|false|false&#8221; global_colors_info=&#8221;{}&#8221;][et_pb_social_media_follow_network social_network=&#8221;facebook&#8221; url=&#8221;https:\/\/www.facebook.com\/yovedenateljeekoti&#8221; icon_color=&#8221;gcid-12af393f-0593-446a-b68b-8d1fa350dd3c&#8221; use_icon_font_size=&#8221;on&#8221; icon_font_size=&#8221;21px&#8221; _builder_version=&#8221;4.27.4&#8243; _module_preset=&#8221;default&#8221; background_color=&#8221;gcid-992030b7-aaf3-4f40-a6f8-6a8f4e4e208c&#8221; background_enable_color=&#8221;on&#8221; border_radii=&#8221;on|34px|34px|34px|34px&#8221; border_width_all=&#8221;8px&#8221; border_color_all=&#8221;gcid-12af393f-0593-446a-b68b-8d1fa350dd3c&#8221; global_colors_info=&#8221;{%22gcid-12af393f-0593-446a-b68b-8d1fa350dd3c%22:%91%22border_color_all%22,%22icon_color%22%93,%22gcid-992030b7-aaf3-4f40-a6f8-6a8f4e4e208c%22:%91%22background_color%22%93}&#8221; follow_button=&#8221;off&#8221; url_new_window=&#8221;on&#8221;]facebook[\/et_pb_social_media_follow_network][et_pb_social_media_follow_network social_network=&#8221;instagram&#8221; url=&#8221;https:\/\/www.instagram.com\/katjaantonoff\/&#8221; icon_color=&#8221;gcid-12af393f-0593-446a-b68b-8d1fa350dd3c&#8221; use_icon_font_size=&#8221;on&#8221; icon_font_size=&#8221;21px&#8221; _builder_version=&#8221;4.27.4&#8243; _module_preset=&#8221;default&#8221; background_color=&#8221;gcid-992030b7-aaf3-4f40-a6f8-6a8f4e4e208c&#8221; background_enable_color=&#8221;on&#8221; border_radii=&#8221;on|34px|34px|34px|34px&#8221; border_width_all=&#8221;8px&#8221; border_color_all=&#8221;gcid-12af393f-0593-446a-b68b-8d1fa350dd3c&#8221; global_colors_info=&#8221;{%22gcid-12af393f-0593-446a-b68b-8d1fa350dd3c%22:%91%22border_color_all%22,%22icon_color%22%93,%22gcid-992030b7-aaf3-4f40-a6f8-6a8f4e4e208c%22:%91%22background_color%22%93}&#8221; follow_button=&#8221;off&#8221; url_new_window=&#8221;on&#8221;]instagram[\/et_pb_social_media_follow_network][\/et_pb_social_media_follow][et_pb_text _builder_version=&#8221;4.27.4&#8243; text_font=&#8221;Lora||||||||&#8221; text_text_color=&#8221;#FFFFFF&#8221; text_font_size=&#8221;18px&#8221; text_line_height=&#8221;1.4em&#8221; text_orientation=&#8221;center&#8221; custom_padding=&#8221;|||9%|false|false&#8221; text_font_size_tablet=&#8221;20px&#8221; text_font_size_phone=&#8221;17px&#8221; text_font_size_last_edited=&#8221;on|phone&#8221; global_colors_info=&#8221;{}&#8221;]<\/p>\n<p style=\"text-align: left;\">Sinisaimaa Oy<\/p>\n<p style=\"text-align: left;\">Y\u00d6VEDEN ATELJEEKOTI<br \/>Himalansaarentie 553, 52420 Ristiina<br \/>+358405784003<br \/>y-tunnus 0970126-8<\/p>\n<p>[\/et_pb_text][\/et_pb_column][et_pb_column type=&#8221;1_3&#8243; _builder_version=&#8221;4.16&#8243; custom_padding=&#8221;|||&#8221; global_colors_info=&#8221;{}&#8221; custom_padding__hover=&#8221;|||&#8221;][\/et_pb_column][et_pb_column type=&#8221;1_3&#8243; _builder_version=&#8221;4.16&#8243; custom_padding=&#8221;|||&#8221; global_colors_info=&#8221;{}&#8221; custom_padding__hover=&#8221;|||&#8221;][et_pb_image src=&#8221;https:\/\/yovedenateljeekoti.net\/wp-content\/uploads\/2025\/01\/Epassi_logo_color.png&#8221; title_text=&#8221;Epassi_logo_color&#8221; _builder_version=&#8221;4.27.4&#8243; _module_preset=&#8221;default&#8221; width_tablet=&#8221;&#8221; width_phone=&#8221;77%&#8221; width_last_edited=&#8221;on|phone&#8221; custom_margin_tablet=&#8221;&#8221; custom_margin_phone=&#8221;&#8221; custom_margin_last_edited=&#8221;on|phone&#8221; custom_padding_tablet=&#8221;&#8221; custom_padding_phone=&#8221;|||8%|false|false&#8221; custom_padding_last_edited=&#8221;on|phone&#8221; global_colors_info=&#8221;{}&#8221;][\/et_pb_image][et_pb_image src=&#8221;https:\/\/yovedenateljeekoti.net\/wp-content\/uploads\/2025\/01\/Epassi-Logo-Secondary-Color-RGB.png&#8221; title_text=&#8221;Epassi Logo Secondary Color RGB&#8221; _builder_version=&#8221;4.27.4&#8243; _module_preset=&#8221;default&#8221; filter_opacity=&#8221;92%&#8221; global_colors_info=&#8221;{}&#8221;][\/et_pb_image][\/et_pb_column][\/et_pb_row][\/et_pb_section]<\/p>\n","protected":false},"excerpt":{"rendered":"<p>KATJA ANTONOFFTAITEILIJA&#8221;TAITEEN AVULLA V\u00c4LIT\u00c4MME ASIOITA, JOITA EI VOI SANOIN KUVATA. &#8221;Y\u00f6veden Ateljeekoti Saimaan Y\u00f6veden saaressa on sielunmaisemani. Taiteen tekemiseen tarvitsen hiljaisuutta &#8211; syvennyn syntyv\u00e4\u00e4n teokseen. Olen akvarelli- ja temperamaalari sek\u00e4 kuvanveist\u00e4j\u00e4.Suhteeni akvarelliin alkoi yli kolmekymment\u00e4 vuotta sitten. Akvarellissa minua kiehtoo sen arvoituksellisuus. Syntyv\u00e4\u00e4 kuvaa voi hienovaraisesti ohjailla, mutta ei pakottaa mihink\u00e4\u00e4n suuntaan. Maalatessani en tunne [&hellip;]<\/p>\n","protected":false},"author":4,"featured_media":0,"parent":0,"menu_order":0,"comment_status":"closed","ping_status":"closed","template":"","meta":{"_et_pb_use_builder":"on","_et_pb_old_content":"","_et_gb_content_width":"","footnotes":""},"class_list":["post-54256","page","type-page","status-publish","hentry"],"aioseo_notices":[],"_links":{"self":[{"href":"https:\/\/yovedenateljeekoti.net\/en\/wp-json\/wp\/v2\/pages\/54256","targetHints":{"allow":["GET"]}}],"collection":[{"href":"https:\/\/yovedenateljeekoti.net\/en\/wp-json\/wp\/v2\/pages"}],"about":[{"href":"https:\/\/yovedenateljeekoti.net\/en\/wp-json\/wp\/v2\/types\/page"}],"author":[{"embeddable":true,"href":"https:\/\/yovedenateljeekoti.net\/en\/wp-json\/wp\/v2\/users\/4"}],"replies":[{"embeddable":true,"href":"https:\/\/yovedenateljeekoti.net\/en\/wp-json\/wp\/v2\/comments?post=54256"}],"version-history":[{"count":36,"href":"https:\/\/yovedenateljeekoti.net\/en\/wp-json\/wp\/v2\/pages\/54256\/revisions"}],"predecessor-version":[{"id":56284,"href":"https:\/\/yovedenateljeekoti.net\/en\/wp-json\/wp\/v2\/pages\/54256\/revisions\/56284"}],"wp:attachment":[{"href":"https:\/\/yovedenateljeekoti.net\/en\/wp-json\/wp\/v2\/media?parent=54256"}],"curies":[{"name":"wp","href":"https:\/\/api.w.org\/{rel}","templated":true}]}}